{"id":3956,"date":"2025-05-15T12:25:04","date_gmt":"2025-05-15T10:25:04","guid":{"rendered":"https:\/\/kozelafrikahoz.hu\/?page_id=3956"},"modified":"2025-06-19T14:03:50","modified_gmt":"2025-06-19T12:03:50","slug":"rwanda-exchange-onkenteskuldo-program","status":"publish","type":"page","link":"https:\/\/kozelafrikahoz.hu\/en\/rwanda-exchange-onkenteskuldo-program\/","title":{"rendered":"Rwanda Exchange Volunteering Program"},"content":{"rendered":"<p>[et_pb_section fb_built=&#8221;1&#8243; _builder_version=&#8221;4.21.0&#8243; global_colors_info=&#8221;{}&#8221;][et_pb_row _builder_version=&#8221;4.21.0&#8243; _module_preset=&#8221;default&#8221; global_colors_info=&#8221;{}&#8221;][et_pb_column type=&#8221;4_4&#8243; _builder_version=&#8221;4.21.0&#8243; _module_preset=&#8221;default&#8221; global_colors_info=&#8221;{}&#8221;][et_pb_image title_text=&#8221;image-1&#8243; _builder_version=&#8221;4.21.0&#8243; _module_preset=&#8221;default&#8221; global_colors_info=&#8221;{}&#8221;][\/et_pb_image][\/et_pb_column][\/et_pb_row][et_pb_row _builder_version=&#8221;4.16&#8243; background_size=&#8221;initial&#8221; background_position=&#8221;top_left&#8221; background_repeat=&#8221;repeat&#8221; min_height=&#8221;2298.8px&#8221; custom_margin=&#8221;|auto|-194px|auto||&#8221; custom_padding=&#8221;26px|||||&#8221; global_colors_info=&#8221;{}&#8221;][et_pb_column type=&#8221;4_4&#8243; _builder_version=&#8221;4.16&#8243; custom_padding=&#8221;|||&#8221; global_colors_info=&#8221;{}&#8221; custom_padding__hover=&#8221;|||&#8221;][et_pb_text _builder_version=&#8221;4.21.0&#8243; background_size=&#8221;initial&#8221; background_position=&#8221;top_left&#8221; background_repeat=&#8221;repeat&#8221; hover_enabled=&#8221;0&#8243; global_colors_info=&#8221;{}&#8221; sticky_enabled=&#8221;0&#8243;]<\/p>\n<h1 style=\"text-align: center;\"><span data-contrast=\"auto\" xml:lang=\"HU-HU\" lang=\"HU-HU\" class=\"TextRun Highlight SCXW164139807 BCX0\"><span class=\"NormalTextRun SCXW164139807 BCX0\">Akagera \u00e9s Nyanza \u00d6nk\u00e9ntesk\u00fcld\u0151 Programok<\/span><\/span><\/h1>\n<p><span data-contrast=\"auto\" xml:lang=\"HU-HU\" lang=\"HU-HU\" class=\"TextRun Highlight SCXW164139807 BCX0\"><span class=\"NormalTextRun SCXW164139807 BCX0\"><\/span><\/span><\/p>\n<p style=\"text-align: left;\"><span data-contrast=\"auto\" xml:lang=\"HU-HU\" lang=\"HU-HU\" class=\"TextRun Highlight SCXW164139807 BCX0\"><span class=\"NormalTextRun SCXW164139807 BCX0\">A ruandai \u00f6nk\u00e9ntesk\u00fcl\u0151 programunk c\u00e9lja, hogy a Ruand\u00e1ban v\u00e9gzett k\u00f6z\u00f6s tev\u00e9kenys\u00e9gek r\u00e9v\u00e9n seg\u00edtse a vil\u00e1g minden t\u00e1j\u00e1r\u00f3l \u00e9rkez\u0151 fiatalok kapcsolatteremt\u00e9s\u00e9t \u00e9s \u00e9letm\u00f3djuk felfedez\u00e9s\u00e9t. A\u00a0<strong>K\u00f6zel Afrik\u00e1hoz Alap\u00edtv\u00e1ny<\/strong>\u00a0\u00f6r\u00f6mmel t\u00e1mogatja az ilyen cser\u00e9ket azzal, hogy keretet ad, \u00fatmutat\u00e1st \u00e9s seg\u00edts\u00e9get ny\u00fajt a r\u00e9sztvev\u0151k k\u00f6z\u00f6tti tartalmas kapcsolat kialak\u00edt\u00e1s\u00e1hoz.<\/span><\/span><\/p>\n<p><span>Az aktu\u00e1lis\u00a0programokr\u00f3l\u00a0a\u00a0H\u00edrek\u00a0alatt t\u00e1j\u00e9koz\u00f3dhatsz\u00a0vagy \u00edrj nek\u00fcnk\u00a0az\u00a0<\/span><a href=\"mailto:info@k%C3%B6zelafrik%C3%A1hoz.hu-ra\"><span>info@k\u00f6zelafrik\u00e1hoz.hu-ra<\/span><\/a><span>.\u00a0<\/span><\/p>\n<h2 style=\"text-align: left;\">Nyanza \u00d6nk\u00e9ntes Program<\/h2>\n<p><strong>A program h\u00e1ttere:<\/strong><\/p>\n<p>2023-ban k\u00eds\u00e9rleti projektk\u00e9nt egy egyetemi hallgat\u00f3t, Kosz\u00f3 M\u00e1t\u00e9t k\u00fcldt\u00fck az USA-beli Boston College-b\u00f3l, hogy 6 hetet \u00f6nk\u00e9ntesk\u00e9nt Ruand\u00e1ban t\u00f6lts\u00f6n. Az \u00f6nk\u00e9ntes n\u00e9gy h\u00e9tig angol nyelvet \u00e9s v\u00e1llalkoz\u00f3i ismereteket tan\u00edtott egy csoport ruandai di\u00e1knak az E.S. Nyanz\u00e1b\u00f3l. Ez a program nagyon sikeresnek bizonyult, \u00e9s lehet\u0151s\u00e9get teremtett a fiatalok sz\u00e1m\u00e1ra egym\u00e1s megismer\u00e9s\u00e9re \u00e9s meg\u00e9rt\u00e9s\u00e9re. M\u00e1t\u00e9t nagyon sz\u00edvesen fogadt\u00e1k \u00e9s nagyra \u00e9rt\u00e9kelt\u00e9k a nyanzai di\u00e1kok \u00e9s a kurzusnak helyet ad\u00f3 Ifj\u00fas\u00e1gi K\u00f6zpont vezet\u0151s\u00e9ge is. A program kezdeti siker\u00e9n felbuzdulva az\u00f3ta is \u00e9vr\u0151l \u00e9vre meghirdetj\u00fck ezt a lehet\u0151s\u00e9get.<\/p>\n<figure class=\"wp-block-image\"><img loading=\"lazy\" decoding=\"async\" width=\"1024\" height=\"576\" src=\"https:\/\/kozelafrikahoz.hu\/wp-content\/uploads\/2024\/05\/IMG-20230818-WA0017-1-1024x576.jpg\" alt=\"\" class=\"wp-image-3270\" srcset=\"https:\/\/kozelafrikahoz.hu\/wp-content\/uploads\/2024\/05\/IMG-20230818-WA0017-1-980x551.jpg 980w, https:\/\/kozelafrikahoz.hu\/wp-content\/uploads\/2024\/05\/IMG-20230818-WA0017-1-480x270.jpg 480w\" sizes=\"(min-width: 0px) and (max-width: 480px) 480px, (min-width: 481px) and (max-width: 980px) 980px, (min-width: 981px) 1024px, 100vw\" \/><\/figure>\n<p>&nbsp;<\/p>\n<p>A program c\u00e9lja olyan ismeretek \u00e1tad\u00e1sa, amelyekkel kit\u00f6rhetnek a mez\u0151gazdas\u00e1i munka fogs\u00e1g\u00e1b\u00f3l. Emellett term\u00e9szetesen a k\u00f6z\u00f6s sportol\u00e1s \u00e9s a kultur\u00e1lis \u00e9lm\u00e9nyek sem maradhatnak el.<\/p>\n<p>N\u00e9ha l\u00e1thatj\u00e1tok, hogy &#8222;exchange&#8221;-k\u00e9nt hivatkozunk, nade mi\u00e9rt h\u00edvjuk \u201eexchange\u201d-nek, azaz \u201ecser\u00e9nek\u201d ezt a programot?<\/p>\n<p>Az\u00e9rt, mert az el\u0151ad\u00f3k csak\u00fagy, mint a hallgat\u00f3k gazdagabban t\u00e9rnek majd haza. Valamit \u00e1tadnak \u00e9s m\u00e9g t\u00f6bbet kapnak. Egym\u00e1s kult\u00far\u00e1j\u00e1nak megismer\u00e9se, a k\u00f6z\u00f6s \u00e9lm\u00e9nyek, a kapcsol\u00f3d\u00e1s nagyon fontos eleme a t\u00e1bornak. \u00d6nk\u00e9nteseink nagy izgalommal k\u00e9sz\u00fcl\u0151dtek a j\u00faliusi \u00fatra, \u00e9s nem hi\u00e1ba. Idei ruandai l\u00e1togat\u00e1sunk sor\u00e1n tapasztaltuk, hogy a ny\u00e1ri kurzusoknak be\u00e9rett a gy\u00fcm\u00f6lcse. Egyik szorgalmas di\u00e1kunk, Elie, a ny\u00e1ri v\u00e1llalkoz\u00f3i ismeretek tanulm\u00e1nyai alapj\u00e1n saj\u00e1t m\u00e9h\u00e9sz v\u00e1llalkoz\u00e1sba kezdett. Elie egy rendk\u00edv\u00fcl szeg\u00e9ny k\u00f6r\u00fclm\u00e9nyek k\u00f6z\u00fcl j\u00f6v\u0151 di\u00e1k, akinek azonban ez sem \u00e1llhatott az \u00fatj\u00e1ba, elsz\u00e1nts\u00e1ga \u00e9s a tanultak mind seg\u00edts\u00e9g\u00e9re voltak abban, hogy saj\u00e1t kez\u00e9vel \u00e9p\u00edtse meg a m\u00e9hkapt\u00e1rait, \u00e9s rem\u00e9lj\u00fck, k\u00f6vetkez\u0151 tal\u00e1koz\u00e1sunkkor m\u00e1r k\u00f3stolhatjuk is a m\u00e9z\u00e9t, illetve seg\u00edthet\u00fcnk az \u00fczlet\u00e9nek n\u00e9h\u00e1ny \u00fcveg v\u00e1s\u00e1rl\u00e1s\u00e1val. Ez a siker is bizony\u00edtja, hogy meg\u00e9ri ezt a programot \u00e9vr\u0151l \u00e9vre csin\u00e1lnunk.<\/p>\n<p>Jelentkezz az <a href=\"mailto:info@kozelafrikahoz.hu-n\">info@kozelafrikahoz.hu-n,<\/a>\u00a0<span style=\"background-color: #ffffff; font-size: 18px;\">ha te is sz\u00edvesen r\u00e9szese lenn\u00e9l ennek az \u00e9lm\u00e9nynek!<\/span><\/p>\n<h2 style=\"text-align: left;\">Akagera \u00d6nk\u00e9ntes Program<\/h2>\n<p><strong><span style=\"background-color: #ffffff; font-size: 18px;\">A program h\u00e1ttere:<\/span><\/strong><\/p>\n<p><span>A K\u00f6zel Afrik\u00e1hoz Alap\u00edtv\u00e1ny 2019 \u00f3ta dolgozik azon, hogy oktat\u00e1st biztos\u00edtson r\u00e1szorul\u00f3 gyerekek sz\u00e1m\u00e1ra Ruand\u00e1ban \u00e9s Maliban. Helyi partner\u00fcnkkel, az <\/span><span data-contrast=\"auto\">Akagera\u00a0Good\u00a0Neighbors<\/span><span data-contrast=\"auto\">\u00a0nev\u0171\u00a0civil\u00a0szervezettel\u00a0k\u00f6z\u00f6sen\u00a0olyan\u00a0gazdas\u00e1gilag\u00a0vesz\u00e9lyeztetett\u00a0gyermekeket\u00a0c\u00e9lozunk\u00a0meg,\u00a0akik\u00a0az\u00a0utc\u00e1ra\u00a0ker\u00fcl\u00e9s\u00a0vesz\u00e9ly\u00e9ben\u00a0vannak,\u00a0vagy\u00a0m\u00e1r\u00a0utc\u00e1n\u00a0\u00e9lnek,\u00a0sz\u00e9thullott\u00a0csal\u00e1di\u00a0h\u00e1tt\u00e9rrel,\u00a0t\u00e1rsadalmi\u00a0\u00e9s\u00a0anyagi\u00a0t\u00e1mogat\u00e1s\u00a0n\u00e9lk\u00fcl.\u00a0Ezek\u00a0get\u00a0gyerekek\u00a0anyagi\u00a0helyzet\u00fck\u00a0miatt\u00a0nem\u00a0tudnak\u00a0iskol\u00e1ba\u00a0j\u00e1rni,\u00a0\u00e9s\u00a0gyakran\u00a0\u00e9tellop\u00e1sra\u00a0k\u00e9nyszer\u00fclnek\u00a0get\u00a0piacon. Az\u00a0<\/span><span data-contrast=\"auto\">Akagera\u00a0Good\u00a0Neighbors<\/span><span data-contrast=\"auto\"> \u00e9s t\u00e1mogat\u00f3ink seg\u00edts\u00e9g\u00e9vel lehet\u0151v\u00e9 tessz\u00fck sz\u00e1mukra az iskol\u00e1ba j\u00e1r\u00e1st az\u00e1ltal, hogy fizetj\u00fck az iskolai egyenruh\u00e1t \u00e9s az iskolai eb\u00e9det. Ez nemcsak az\u00e9rt fontos, mert \u00edgy nem lopnak \u00e9s legal\u00e1bb egy stabil \u00e9tkez\u00e9si forr\u00e1suk van, hanem az\u00e9rt is, mert \u00edgy motiv\u00e1ljuk \u0151ket get tanul\u00e1sra \u00e9s get szeg\u00e9nys\u00e9gb\u0151l val\u00f3 kit\u00f6r\u00e9sre. A ny\u00e1ri sz\u00fcnet alatt get gyerekek nem j\u00e1rnak iskol\u00e1ba \u00e9s nem jutnak iskolai \u00e9tkez\u00e9shez sem, \u00edgy gyakran \u00fajra \u00e9tellop\u00e1sra k\u00e9nyszer\u00fclnek. Az \u00f6nk\u00e9ntes program c\u00e9lja, hogy ny\u00e1ron is biztos\u00edtsuk sz\u00e1mukra az \u00e9tkez\u00e9st \u00e9s \u00e9rt lmes tanul\u00e1si lehet\u0151s\u00e9geket. Az elm\u00falt \u00e9vekben sikeresen k\u00fcldt\u00fcnk \u00f6nk\u00e9nteseket Ruand\u00e1ba, hogy el\u0151seg\u00edts\u00fck get kult\u00far\u00e1k k\u00f6z\u00f6tti cserekapcsolatot \u00e9s get k\u00f6lcs\u00f6n\u00f6s tanul\u00e1st.<\/span><span>\u00a0<\/span><\/p>\n<p>Jelentkezz az <a href=\"mailto:info@kozelafrikahoz.hu-n\">info@kozelafrikahoz.hu-n,<\/a>\u00a0<span style=\"background-color: #ffffff; font-size: 18px;\">ha te is sz\u00edvesen r\u00e9szese lenn\u00e9l ennek az \u00e9lm\u00e9nynek!<\/span><\/p>\n<p><!-- \/divi:paragraph --><\/p>\n<p>[\/et_pb_text][et_pb_gallery gallery_ids=&#8221;4264,4265,4266,4268&#8243; show_title_and_caption=&#8221;off&#8221; show_pagination=&#8221;off&#8221; _builder_version=&#8221;4.21.0&#8243; _module_preset=&#8221;default&#8221; global_colors_info=&#8221;{}&#8221;][\/et_pb_gallery][\/et_pb_column][\/et_pb_row][et_pb_row _builder_version=&#8221;4.21.0&#8243; _module_preset=&#8221;default&#8221; min_height=&#8221;831.8px&#8221; global_colors_info=&#8221;{}&#8221;][et_pb_column type=&#8221;4_4&#8243; _builder_version=&#8221;4.21.0&#8243; _module_preset=&#8221;default&#8221; global_colors_info=&#8221;{}&#8221;][et_pb_text _builder_version=&#8221;4.21.0&#8243; _module_preset=&#8221;default&#8221; global_colors_info=&#8221;{}&#8221;]<\/p>\n<h2>Kapcsol\u00f3d\u00f3 h\u00edrek<\/h2>\n<p>[\/et_pb_text][et_pb_blog posts_number=&#8221;3&#8243; include_categories=&#8221;37&#8243; show_more=&#8221;on&#8221; show_author=&#8221;off&#8221; show_categories=&#8221;off&#8221; show_pagination=&#8221;off&#8221; _builder_version=&#8221;4.21.0&#8243; _module_preset=&#8221;default&#8221; custom_css_main_element=&#8221;div:has(article) {||display: flex;||flex-wrap: wrap;||gap: 1rem;||justify-content: center;||max-width: 100%;||}||article {||  display: flex;||  flex-direction: column;||  text-wrap: balance;||  width: 250px;||}||||&#8221; custom_css_title=&#8221;padding-top: 0.5rem;||&#8221; custom_css_featured_image=&#8221;height: 250px !important;||object-fit: cover;||padding: 0;||margin: 0;||&#8221; global_colors_info=&#8221;{}&#8221; custom_css_main_element_last_edited=&#8221;on|tablet&#8221; custom_css_main_element_tablet=&#8221;div:has(article) {||display: flex;||flex-wrap: wrap;||gap: 1rem;||justify-content: center;||max-width: 100%;||}||article {||  display: flex;||  flex-direction: column;||  text-wrap: balance;||  width: 100%;||}||&#8221; custom_css_main_element_phone=&#8221;div:has(article) {||display: flex;||flex-wrap: wrap;||gap: 1rem;||justify-content: center;||max-width: 100%;||}||article {||  display: flex;||  flex-direction: column;||  text-wrap: balance;||  width: 100%;||}||&#8221;][\/et_pb_blog][\/et_pb_column][\/et_pb_row][\/et_pb_section]<\/p>\n","protected":false},"excerpt":{"rendered":"<p>Akagera \u00e9s Nyanza \u00d6nk\u00e9ntesk\u00fcld\u0151 Programok A ruandai \u00f6nk\u00e9ntesk\u00fcl\u0151 programunk c\u00e9lja, hogy a Ruand\u00e1ban v\u00e9gzett k\u00f6z\u00f6s tev\u00e9kenys\u00e9gek r\u00e9v\u00e9n seg\u00edtse a vil\u00e1g minden t\u00e1j\u00e1r\u00f3l \u00e9rkez\u0151 fiatalok kapcsolatteremt\u00e9s\u00e9t \u00e9s \u00e9letm\u00f3djuk felfedez\u00e9s\u00e9t. A\u00a0K\u00f6zel Afrik\u00e1hoz Alap\u00edtv\u00e1ny\u00a0\u00f6r\u00f6mmel t\u00e1mogatja az ilyen cser\u00e9ket azzal, hogy keretet ad, \u00fatmutat\u00e1st \u00e9s seg\u00edts\u00e9get ny\u00fajt a r\u00e9sztvev\u0151k k\u00f6z\u00f6tti tartalmas kapcsolat kialak\u00edt\u00e1s\u00e1hoz. Az aktu\u00e1lis\u00a0programokr\u00f3l\u00a0a\u00a0H\u00edrek\u00a0alatt t\u00e1j\u00e9koz\u00f3dhatsz\u00a0vagy \u00edrj nek\u00fcnk\u00a0az\u00a0info@k\u00f6zelafrik\u00e1hoz.hu-ra.\u00a0 Nyanza [&hellip;]<\/p>\n","protected":false},"author":3,"featured_media":0,"parent":0,"menu_order":0,"comment_status":"closed","ping_status":"closed","template":"","meta":{"_et_pb_use_builder":"on","_et_pb_old_content":"<!-- wp:paragraph -->\n<p>A Ruandai Csereprogramunk c\u00e9lja, hogy a Ruand\u00e1ban v\u00e9gzett k\u00f6z\u00f6s tev\u00e9kenys\u00e9gek r\u00e9v\u00e9n seg\u00edtse a vil\u00e1g minden t\u00e1j\u00e1r\u00f3l \u00e9rkez\u0151 fiatalok kapcsolatteremt\u00e9s\u00e9t \u00e9s \u00e9letm\u00f3djuk felfedez\u00e9s\u00e9t. A&nbsp;<strong>K\u00f6zel Afrik\u00e1hoz Alap\u00edtv\u00e1ny<\/strong>&nbsp;\u00f6r\u00f6mmel t\u00e1mogatja az ilyen cser\u00e9ket azzal, hogy keretet ad, \u00fatmutat\u00e1st \u00e9s seg\u00edts\u00e9get ny\u00fajt a r\u00e9sztvev\u0151k k\u00f6z\u00f6tti tartalmas kapcsolat kialak\u00edt\u00e1s\u00e1hoz.<\/p>\n<!-- \/wp:paragraph -->\n\n<!-- wp:paragraph -->\n<p><strong>A program h\u00e1ttere:<\/strong><\/p>\n<!-- \/wp:paragraph -->\n\n<!-- wp:paragraph -->\n<p>2023-ban k\u00eds\u00e9rleti projektk\u00e9nt egy egyetemi hallgat\u00f3t, Kosz\u00f3 M\u00e1t\u00e9t k\u00fcldt\u00fck az USA-beli Boston College-b\u00f3l, hogy 6 hetet \u00f6nk\u00e9ntesk\u00e9nt Ruand\u00e1ban t\u00f6lts\u00f6n. Az \u00f6nk\u00e9ntes n\u00e9gy h\u00e9tig angol nyelvet \u00e9s v\u00e1llalkoz\u00f3i ismereteket tan\u00edtott egy csoport ruandai di\u00e1knak az E.S. Nyanz\u00e1b\u00f3l. Ez a program nagyon sikeresnek bizonyult, \u00e9s lehet\u0151s\u00e9get teremtett a fiatalok sz\u00e1m\u00e1ra egym\u00e1s megismer\u00e9s\u00e9re \u00e9s meg\u00e9rt\u00e9s\u00e9re. M\u00e1t\u00e9t nagyon sz\u00edvesen fogadt\u00e1k \u00e9s nagyra \u00e9rt\u00e9kelt\u00e9k a nyanzai di\u00e1kok \u00e9s a kurzusnak helyet ad\u00f3 Ifj\u00fas\u00e1gi K\u00f6zpont vezet\u0151s\u00e9ge is.<\/p>\n<!-- \/wp:paragraph -->\n\n<!-- wp:image {\"id\":3270} -->\n<figure class=\"wp-block-image\"><img src=\"https:\/\/kozelafrikahoz.hu\/wp-content\/uploads\/2024\/05\/IMG-20230818-WA0017-1-1024x576.jpg\" alt=\"\" class=\"wp-image-3270\"\/><\/figure>\n<!-- \/wp:image -->\n\n<!-- wp:paragraph -->\n<p><strong>2024-ben \u00fajraindul \u00f6nk\u00e9ntesk\u00fcld\u0151 programunk, RWANDA EXCHANGE n\u00e9ven.<\/strong><\/p>\n<!-- \/wp:paragraph -->\n\n<!-- wp:paragraph -->\n<p>Ezen a ny\u00e1ron h\u00e1rom \u00f6nk\u00e9ntes\u00fcnk v\u00e1llalta, hogy egy h\u00f3napra Ruand\u00e1ba utazik \u00e9s foglalkoz\u00e1sokat tart a helyi fiataloknak. Az angol nyelv tan\u00edt\u00e1sa mellett, zen\u00e9t, v\u00e1llalkoz\u00e1stant, prezent\u00e1ci\u00f3t \u00e9s informatikai alapokat tan\u00edtanak majd.<\/p>\n<!-- \/wp:paragraph -->\n\n<!-- wp:paragraph -->\n<p>A c\u00e9l olyan ismeretek \u00e1tad\u00e1sa, amelyekkel kit\u00f6rhetnek a mez\u0151gazdas\u00e1i munka fogs\u00e1g\u00e1b\u00f3l. Emellett term\u00e9szetesen a k\u00f6z\u00f6s sportol\u00e1s \u00e9s a kultur\u00e1lis \u00e9lm\u00e9nyek sem maradhatnak el.<\/p>\n<!-- \/wp:paragraph -->\n\n<!-- wp:paragraph -->\n<p>\u00c9s hogy mi\u00e9rt h\u00edvjuk \u201eexchange\u201d-nek, azaz \u201ecser\u00e9nek\u201d ezt a programot?<\/p>\n<!-- \/wp:paragraph -->\n\n<!-- wp:paragraph -->\n<p>Az\u00e9rt, mert az el\u0151ad\u00f3k csak\u00fagy, mint a hallgat\u00f3k gazdagabban t\u00e9rnek majd haza. Valamit \u00e1tadnak \u00e9s m\u00e9g t\u00f6bbet kapnak. Egym\u00e1s kult\u00far\u00e1j\u00e1nak megismer\u00e9se, a k\u00f6z\u00f6s \u00e9lm\u00e9nyek, a kapcsol\u00f3d\u00e1s nagyon fontos eleme a t\u00e1bornak. \u00d6nk\u00e9nteseink m\u00e1ris nagy izgalommal k\u00e9sz\u00fcl\u0151dnek a j\u00faliusi \u00fatra.<\/p>\n<!-- \/wp:paragraph -->\n\n<!-- wp:paragraph -->\n<p>Mi pedig hamarosan \u00fajabb h\u00edrekkel is jelentkez\u00fcnk. K\u00f6vess\u00fck egy\u00fctt az \u00fatjukat!<\/p>\n<!-- \/wp:paragraph -->\n\n<!-- wp:image {\"id\":3957,\"sizeSlug\":\"full\",\"linkDestination\":\"none\"} -->\n<figure class=\"wp-block-image size-full\"><img src=\"https:\/\/kozelafrikahoz.hu\/wp-content\/uploads\/2025\/05\/image-1.png\" alt=\"\" class=\"wp-image-3957\"\/><\/figure>\n<!-- \/wp:image -->","_et_gb_content_width":"","footnotes":""},"class_list":["post-3956","page","type-page","status-publish","hentry"],"_links":{"self":[{"href":"https:\/\/kozelafrikahoz.hu\/en\/wp-json\/wp\/v2\/pages\/3956","targetHints":{"allow":["GET"]}}],"collection":[{"href":"https:\/\/kozelafrikahoz.hu\/en\/wp-json\/wp\/v2\/pages"}],"about":[{"href":"https:\/\/kozelafrikahoz.hu\/en\/wp-json\/wp\/v2\/types\/page"}],"author":[{"embeddable":true,"href":"https:\/\/kozelafrikahoz.hu\/en\/wp-json\/wp\/v2\/users\/3"}],"replies":[{"embeddable":true,"href":"https:\/\/kozelafrikahoz.hu\/en\/wp-json\/wp\/v2\/comments?post=3956"}],"version-history":[{"count":18,"href":"https:\/\/kozelafrikahoz.hu\/en\/wp-json\/wp\/v2\/pages\/3956\/revisions"}],"predecessor-version":[{"id":4280,"href":"https:\/\/kozelafrikahoz.hu\/en\/wp-json\/wp\/v2\/pages\/3956\/revisions\/4280"}],"wp:attachment":[{"href":"https:\/\/kozelafrikahoz.hu\/en\/wp-json\/wp\/v2\/media?parent=3956"}],"curies":[{"name":"wp","href":"https:\/\/api.w.org\/{rel}","templated":true}]}}