{"id":23,"date":"2022-02-16T13:57:53","date_gmt":"2022-02-16T12:57:53","guid":{"rendered":"https:\/\/kozelafrikahoz.hu\/?page_id=23"},"modified":"2025-04-18T11:06:22","modified_gmt":"2025-04-18T09:06:22","slug":"gyermektamogatas","status":"publish","type":"page","link":"https:\/\/kozelafrikahoz.hu\/en\/mit-csinalunk\/gyermektamogatas\/","title":{"rendered":"Sponsor a Child! Program"},"content":{"rendered":"<p>[et_pb_section fb_built=&#8221;1&#8243; disabled_on=&#8221;off|off|off&#8221; _builder_version=&#8221;4.17.4&#8243; _module_preset=&#8221;default&#8221; background_color=&#8221;#260F10&#8243; background_image=&#8221;https:\/\/kozelafrikahoz.hu\/wp-content\/uploads\/2022\/02\/home-slide-image.png&#8221; background_size=&#8221;initial&#8221; background_position=&#8221;center_right&#8221; background_horizontal_offset=&#8221;0%&#8221; module_alignment=&#8221;center&#8221; height=&#8221;699px&#8221; height_tablet=&#8221;504px&#8221; height_phone=&#8221;220px&#8221; height_last_edited=&#8221;on|phone&#8221; custom_padding=&#8221;6px|||||&#8221; background_last_edited=&#8221;on|phone&#8221; background_image_tablet=&#8221;https:\/\/kozelafrikahoz.hu\/wp-content\/uploads\/2022\/02\/home-slide-image.png&#8221; background_image_phone=&#8221;https:\/\/kozelafrikahoz.hu\/wp-content\/uploads\/2022\/02\/home-slide-image.png&#8221; background_enable_image_tablet=&#8221;on&#8221; background_enable_image_phone=&#8221;on&#8221; background_size_phone=&#8221;cover&#8221; background_image_width_phone=&#8221;100%&#8221; background_image_height_phone=&#8221;100%&#8221; background_position_phone=&#8221;bottom_center&#8221; background_horizontal_offset_tablet=&#8221;18%&#8221; background_horizontal_offset_phone=&#8221;8%&#8221; background_vertical_offset_phone=&#8221;81%&#8221; global_module=&#8221;1376&#8243; saved_tabs=&#8221;all&#8221; locked=&#8221;off&#8221; global_colors_info=&#8221;{}&#8221;][et_pb_row column_structure=&#8221;1_2,1_2&#8243; disabled_on=&#8221;on|on|off&#8221; _builder_version=&#8221;4.17.1&#8243; _module_preset=&#8221;default&#8221; width=&#8221;90%&#8221; max_width=&#8221;1280px&#8221; module_alignment=&#8221;center&#8221; height=&#8221;100px&#8221; max_height=&#8221;100px&#8221; custom_padding=&#8221;||0px|||&#8221; locked=&#8221;off&#8221; global_colors_info=&#8221;{}&#8221;][et_pb_column type=&#8221;1_2&#8243; admin_label=&#8221;Oszlop&#8221; _builder_version=&#8221;4.16&#8243; _module_preset=&#8221;default&#8221; global_colors_info=&#8221;{}&#8221;][et_pb_text disabled_on=&#8221;on|on|off&#8221; _builder_version=&#8221;4.17.4&#8243; _dynamic_attributes=&#8221;content&#8221; _module_preset=&#8221;default&#8221; text_font=&#8221;Rubik|600|||||||&#8221; text_text_color=&#8221;#E5852C&#8221; text_font_size=&#8221;35px&#8221; header_text_color=&#8221;#E5852C&#8221; header_font_size=&#8221;35px&#8221; header_line_height=&#8221;1.4em&#8221; min_height=&#8221;34.4px&#8221; custom_margin=&#8221;||11px|||&#8221; locked=&#8221;off&#8221; global_colors_info=&#8221;{}&#8221;]@ET-DC@eyJkeW5hbWljIjp0cnVlLCJjb250ZW50IjoicG9zdF90aXRsZSIsInNldHRpbmdzIjp7ImJlZm9yZSI6IiIsImFmdGVyIjoiIn19@[\/et_pb_text][\/et_pb_column][et_pb_column type=&#8221;1_2&#8243; admin_label=&#8221;Oszlop&#8221; _builder_version=&#8221;4.16&#8243; _module_preset=&#8221;default&#8221; global_colors_info=&#8221;{}&#8221;][\/et_pb_column][\/et_pb_row][\/et_pb_section][et_pb_section fb_built=&#8221;1&#8243; _builder_version=&#8221;4.17.4&#8243; _module_preset=&#8221;default&#8221; background_image=&#8221;https:\/\/kozelafrikahoz.hu\/wp-content\/uploads\/2022\/05\/tamogato-background.png&#8221; saved_tabs=&#8221;all&#8221; locked=&#8221;off&#8221; global_colors_info=&#8221;{}&#8221; global_module=&#8221;252&#8243; theme_builder_area=&#8221;post_content&#8221;][et_pb_row column_structure=&#8221;1_4,1_4,1_4,1_4&#8243; _builder_version=&#8221;4.16&#8243; _module_preset=&#8221;default&#8221; locked=&#8221;off&#8221; global_colors_info=&#8221;{}&#8221; theme_builder_area=&#8221;post_content&#8221;][et_pb_column type=&#8221;1_4&#8243; _builder_version=&#8221;4.16&#8243; _module_preset=&#8221;default&#8221; global_colors_info=&#8221;{}&#8221; theme_builder_area=&#8221;post_content&#8221;][\/et_pb_column][et_pb_column type=&#8221;1_4&#8243; _builder_version=&#8221;4.16&#8243; _module_preset=&#8221;default&#8221; global_colors_info=&#8221;{}&#8221; theme_builder_area=&#8221;post_content&#8221;][et_pb_button button_url=&#8221;@ET-DC@eyJkeW5hbWljIjp0cnVlLCJjb250ZW50IjoicG9zdF9saW5rX3VybF9wYWdlIiwic2V0dGluZ3MiOnsicG9zdF9pZCI6IjUzOCJ9fQ==@&#8221; button_text=&#8221;T\u00e1mogass egy gyereket&#8221; button_alignment=&#8221;center&#8221; _builder_version=&#8221;4.21.0&#8243; _dynamic_attributes=&#8221;button_url&#8221; _module_preset=&#8221;default&#8221; custom_button=&#8221;on&#8221; button_text_color=&#8221;#FFFFFF&#8221; button_bg_color=&#8221;#E5852C&#8221; button_border_width=&#8221;0px&#8221; button_border_radius=&#8221;5px&#8221; button_font=&#8221;|600|||||||&#8221; button_text_shadow_style=&#8221;preset3&#8243; box_shadow_style=&#8221;preset1&#8243; global_colors_info=&#8221;{}&#8221; theme_builder_area=&#8221;post_content&#8221;][\/et_pb_button][\/et_pb_column][et_pb_column type=&#8221;1_4&#8243; _builder_version=&#8221;4.16&#8243; _module_preset=&#8221;default&#8221; global_colors_info=&#8221;{}&#8221; theme_builder_area=&#8221;post_content&#8221;][et_pb_button button_url=&#8221;@ET-DC@eyJkeW5hbWljIjp0cnVlLCJjb250ZW50IjoicG9zdF9saW5rX3VybF9wYWdlIiwic2V0dGluZ3MiOnsicG9zdF9pZCI6IjU0MCJ9fQ==@&#8221; button_text=&#8221;T\u00e1mogass egy programot&#8221; button_alignment=&#8221;center&#8221; _builder_version=&#8221;4.21.0&#8243; _dynamic_attributes=&#8221;button_url&#8221; _module_preset=&#8221;default&#8221; custom_button=&#8221;on&#8221; button_text_color=&#8221;#FFFFFF&#8221; button_bg_color=&#8221;#E5852C&#8221; button_border_width=&#8221;0px&#8221; button_border_radius=&#8221;5px&#8221; button_font=&#8221;|600|||||||&#8221; button_text_shadow_style=&#8221;preset3&#8243; box_shadow_style=&#8221;preset1&#8243; global_colors_info=&#8221;{}&#8221; theme_builder_area=&#8221;post_content&#8221;][\/et_pb_button][\/et_pb_column][et_pb_column type=&#8221;1_4&#8243; _builder_version=&#8221;4.16&#8243; _module_preset=&#8221;default&#8221; global_colors_info=&#8221;{}&#8221; theme_builder_area=&#8221;post_content&#8221;][\/et_pb_column][\/et_pb_row][\/et_pb_section][et_pb_section fb_built=&#8221;1&#8243; _builder_version=&#8221;4.17.3&#8243; _module_preset=&#8221;default&#8221; use_background_color_gradient=&#8221;on&#8221; background_color_gradient_stops=&#8221;rgba(255,255,255,0.81) 0%|#fbf9f7 16%|rgba(239,230,225,0.78) 100%&#8221; background_color_gradient_overlays_image=&#8221;on&#8221; background_image=&#8221;https:\/\/kozelafrikahoz.hu\/wp-content\/uploads\/2022\/05\/20211121_174254-scaled.jpg&#8221; parallax=&#8221;on&#8221; background_enable_mask_style=&#8221;on&#8221; background_mask_style=&#8221;arch&#8221; background_mask_color=&#8221;#E1DAD4&#8243; background_mask_transform=&#8221;rotate_90_degree&#8221; custom_margin=&#8221;||-2px|||&#8221; custom_padding=&#8221;0px|||||&#8221; global_colors_info=&#8221;{}&#8221;][et_pb_row disabled_on=&#8221;on|on|on&#8221; _builder_version=&#8221;4.16&#8243; _module_preset=&#8221;default&#8221; disabled=&#8221;on&#8221; global_colors_info=&#8221;{}&#8221;][et_pb_column type=&#8221;4_4&#8243; _builder_version=&#8221;4.16&#8243; _module_preset=&#8221;default&#8221; global_colors_info=&#8221;{}&#8221;][et_pb_text _builder_version=&#8221;4.17.4&#8243; _module_preset=&#8221;default&#8221; header_2_text_align=&#8221;center&#8221; header_2_text_color=&#8221;#31AAAD&#8221; global_colors_info=&#8221;{}&#8221;]<\/p>\n<h2>Gyermekt\u00e1mogat\u00e1s<\/h2>\n<p>[\/et_pb_text][\/et_pb_column][\/et_pb_row][et_pb_row column_structure=&#8221;1_2,1_2&#8243; _builder_version=&#8221;4.16&#8243; _module_preset=&#8221;default&#8221; global_colors_info=&#8221;{}&#8221;][et_pb_column type=&#8221;1_2&#8243; _builder_version=&#8221;4.16&#8243; _module_preset=&#8221;default&#8221; global_colors_info=&#8221;{}&#8221;][et_pb_text _builder_version=&#8221;4.17.3&#8243; _module_preset=&#8221;default&#8221; text_font_size=&#8221;16px&#8221; global_colors_info=&#8221;{}&#8221;]<\/p>\n<p><span data-contrast=\"none\">A gyerekt\u00e1mogat\u00e1s \u00f6tlete 2012-re, \u00e9s helyi tapasztalatainkra vezethet\u0151 vissza. <\/span><span data-contrast=\"auto\">Morris Andrea ekkor Bamako Sanfil nyomornegyed\u00e9ben tan\u00edtott, ahol sok m\u00e1s nyomornegyedhez hasonl\u00f3an nem volt \u00e1llami iskola.<\/span><span data-ccp-props=\"{&quot;201341983&quot;:0,&quot;335559739&quot;:160,&quot;335559740&quot;:259}\">\u00a0<\/span><\/p>\n<p><span data-contrast=\"auto\">A gyerekek, akik itt \u00e9lnek csak akkor tanulhattak, ha valaki kifizette nekik a szer\u00e9ny tand\u00edjat, amit a helyi priv\u00e1t iskola k\u00e9rt. Andrea szomor\u00faan l\u00e1tta, hogy mennyi gyerek maradt ki az iskol\u00e1b\u00f3l tand\u00edjfizet\u00e9si neh\u00e9zs\u00e9g miatt, ez\u00e9rt hozta l\u00e9tre a gyermekt\u00e1mogat\u00e1si programot. 2022 \u00f3ta Mali mellett Ruand\u00e1ban is jelen vagyunk.<\/span><span data-ccp-props=\"{&quot;201341983&quot;:0,&quot;335559739&quot;:160,&quot;335559740&quot;:259}\">\u00a0<\/span><\/p>\n<p><span data-contrast=\"auto\">A program l\u00e9nyege, hogy nem p\u00e9nzt oszt, hanem tand\u00edjat fizet r\u00e1szorul\u00f3, j\u00f3 k\u00e9pess\u00e9g\u0171, szorgalmas gyerekeknek, akik tan\u00e1ri aj\u00e1nl\u00e1sra ker\u00fclnek kiv\u00e1laszt\u00e1sra. A t\u00e1mogatott iskol\u00e1k rendszeresen elk\u00fcldik a programban l\u00e9v\u0151 gyermekek bizony\u00edtv\u00e1ny\u00e1t \u00e9s besz\u00e1molnak a gyermekek halad\u00e1s\u00e1r\u00f3l. Az alap\u00edtv\u00e1ny k\u00e9pvisel\u0151i terv szerint \u00e9vente elmennek a t\u00e1mogatott orsz\u00e1gokba \u00e9s v\u00e9gig l\u00e1togatj\u00e1k a gyermekek csal\u00e1djait, hogy meggy\u0151z\u0151djenek arr\u00f3l, hogy a t\u00e1mogat\u00e1s tov\u00e1bbra is j\u00f3 helyre ker\u00fcl. A l\u00e1togat\u00e1sok iskolafejleszt\u00e9si programokkal \u00f6sszekapcsol\u00f3dva t\u00f6rt\u00e9nnek.<\/span><\/p>\n<p>[\/et_pb_text][\/et_pb_column][et_pb_column type=&#8221;1_2&#8243; _builder_version=&#8221;4.16&#8243; _module_preset=&#8221;default&#8221; global_colors_info=&#8221;{}&#8221;][et_pb_text _builder_version=&#8221;4.17.3&#8243; _module_preset=&#8221;default&#8221; text_font_size=&#8221;16px&#8221; locked=&#8221;off&#8221; global_colors_info=&#8221;{}&#8221;]<\/p>\n<p><span data-contrast=\"auto\">Az elm\u00falt nyolc\u00a0\u00e9v tapasztalatai alapj\u00e1n a legnagyobb adom\u00e1ny a gyermekek sz\u00e1m\u00e1ra az a tudat, hogy valaki hisz benn\u00fck, \u00e9s megmutatja a tanul\u00e1s \u00e9rt\u00e9k\u00e9t sz\u00e1mukra. Ez\u00e1ltal es\u00e9lyt kapnak a kiemelked\u00e9sre nyomor\u00fas\u00e1gos k\u00f6rnyezet\u00fckb\u0151l.\u00a0<\/span><span data-ccp-props=\"{&quot;201341983&quot;:0,&quot;335559739&quot;:160,&quot;335559740&quot;:259}\">\u00a0<\/span><\/p>\n<p><span data-contrast=\"auto\">Az elm\u00falt nyolc\u00a0\u00e9vben t\u00f6bb mint 250 gyerek jutott el iskol\u00e1ba a program seg\u00edts\u00e9g\u00e9vel. Sokan k\u00f6z\u00fcl\u00fck\u00a0tov\u00e1bbtanultak gimn\u00e1ziumba \u00e9s \u00f6ten\u00a0k\u00f6z\u00fcl\u00fck m\u00e1r egyetemist\u00e1k. A gyerekek kez\u00e9t a gimn\u00e1ziumi \u00e9s egyetemi \u00e9vek alatt sem engedj\u00fck el. Akkor a t\u00e1mogat\u00e1st m\u00e1r saj\u00e1t maguk k\u00f6lthetik el a sz\u00fcks\u00e9ges tank\u00f6nyvre, taneszk\u00f6z\u00f6kre \u00e9s az iskol\u00e1ba j\u00e1r\u00e1s finansz\u00edroz\u00e1s\u00e1ra.<\/span><span data-contrast=\"none\">\u00a0<\/span><span data-ccp-props=\"{&quot;201341983&quot;:0,&quot;335559739&quot;:160,&quot;335559740&quot;:259}\">\u00a0<\/span><\/p>\n<p><span data-contrast=\"none\">Kapcsol\u00f3dj be t\u00e1mogat\u00e1si programunkba! Havi 6 000 forint hozz\u00e1j\u00e1rul\u00e1soddal fedezheted egy gyermek tand\u00edj\u00e1t, vagy eb\u00e9dj\u00e9t, iskolai felszerel\u00e9s\u00e9t \u00e9s egy\u00e9b oktat\u00e1shoz k\u00f6t\u0151d\u0151 k\u00f6lts\u00e9geit.<\/span><span data-ccp-props=\"{&quot;201341983&quot;:0,&quot;335559739&quot;:160,&quot;335559740&quot;:259}\">\u00a0<\/span><\/p>\n<p>[\/et_pb_text][\/et_pb_column][\/et_pb_row][et_pb_row column_structure=&#8221;1_2,1_2&#8243; _builder_version=&#8221;4.17.1&#8243; _module_preset=&#8221;default&#8221; locked=&#8221;off&#8221; global_colors_info=&#8221;{}&#8221;][et_pb_column type=&#8221;1_2&#8243; saved_specialty_column_type=&#8221;2_3&#8243; _builder_version=&#8221;4.17.1&#8243; _module_preset=&#8221;default&#8221; global_colors_info=&#8221;{}&#8221;][et_pb_video src=&#8221;https:\/\/www.youtube.com\/watch?v=xoNiRMC8yFo&#8221; _builder_version=&#8221;4.17.1&#8243; _module_preset=&#8221;default&#8221; global_colors_info=&#8221;{}&#8221;][\/et_pb_video][\/et_pb_column][et_pb_column type=&#8221;1_2&#8243; saved_specialty_column_type=&#8221;2_3&#8243; _builder_version=&#8221;4.17.1&#8243; _module_preset=&#8221;default&#8221; global_colors_info=&#8221;{}&#8221;][et_pb_video src=&#8221;https:\/\/www.youtube.com\/watch?v=aAAhvEJHwp0&#8243; _builder_version=&#8221;4.17.1&#8243; _module_preset=&#8221;default&#8221; global_colors_info=&#8221;{}&#8221;][\/et_pb_video][\/et_pb_column][\/et_pb_row][\/et_pb_section][et_pb_section fb_built=&#8221;1&#8243; _builder_version=&#8221;4.16&#8243; _module_preset=&#8221;default&#8221; custom_margin=&#8221;||13px|||&#8221; global_colors_info=&#8221;{}&#8221;][et_pb_row _builder_version=&#8221;4.16&#8243; _module_preset=&#8221;default&#8221; global_colors_info=&#8221;{}&#8221;][et_pb_column type=&#8221;4_4&#8243; _builder_version=&#8221;4.16&#8243; _module_preset=&#8221;default&#8221; global_colors_info=&#8221;{}&#8221;][et_pb_text _builder_version=&#8221;4.17.4&#8243; _module_preset=&#8221;default&#8221; header_2_text_color=&#8221;#260F10&#8243; global_colors_info=&#8221;{}&#8221;]<\/p>\n<h2>Mali &#8211; &#8222;Ind\u00edtsd el a tanul\u00e1sban!&#8221; program<\/h2>\n<p>[\/et_pb_text][\/et_pb_column][\/et_pb_row][et_pb_row column_structure=&#8221;1_2,1_2&#8243; _builder_version=&#8221;4.16&#8243; _module_preset=&#8221;default&#8221; global_colors_info=&#8221;{}&#8221;][et_pb_column type=&#8221;1_2&#8243; _builder_version=&#8221;4.16&#8243; _module_preset=&#8221;default&#8221; global_colors_info=&#8221;{}&#8221;][et_pb_text _builder_version=&#8221;4.17.3&#8243; _module_preset=&#8221;default&#8221; text_font_size=&#8221;16px&#8221; global_colors_info=&#8221;{}&#8221;]<\/p>\n<p><span data-contrast=\"auto\">Maliban t\u00edzb\u0151l h\u00e1rom gyerek soha nem jut el iskol\u00e1ba \u2013 vagy az\u00e9rt, mert nincs a k\u00f6zelben iskola, vagy az\u00e9rt, mert sz\u00fcks\u00e9g van a munkaerej\u00e9re otthon. A feln\u0151tt n\u00e9pess\u00e9g 70%-a \u00edr\u00e1studatlan.<\/span><span data-ccp-props=\"{&quot;201341983&quot;:0,&quot;335559739&quot;:160,&quot;335559740&quot;:259}\">\u00a0<\/span><\/p>\n<p><span data-contrast=\"auto\">Az orsz\u00e1g komoly politikai \u00e9s gazdas\u00e1gi probl\u00e9m\u00e1kkal k\u00fczd, ter\u00fclet\u00e9nek jelent\u0151s r\u00e9sze ma harcok miatt megk\u00f6zel\u00edthetetlen, az \u00e1llam egyre kisebb ter\u00fcleten van jelen \u00e9s egyre kev\u00e9sb\u00e9. A k\u00f6zoktat\u00e1s cs\u0151dj\u00e9t mutatja a kev\u00e9s \u00e1llami iskola, a 150-200 f\u0151s oszt\u00e1lyl\u00e9tsz\u00e1mok, a gyakran h\u00f3napokig elh\u00faz\u00f3d\u00f3 tan\u00e1rsztr\u00e1jkok. <\/span><span data-ccp-props=\"{&quot;201341983&quot;:0,&quot;335559739&quot;:160,&quot;335559740&quot;:259}\">\u00a0<\/span><\/p>\n<p><span data-contrast=\"auto\">Ahol\u00a0k\u00f6zoktat\u00e1s nincs, ott a lakoss\u00e1g \u00f6nszervez\u0151d\u0151 m\u00f3don, \u00f6ner\u0151b\u0151l vagy k\u00fcls\u0151 donorok seg\u00edts\u00e9g\u00e9vel t\u00f6rekszik iskol\u00e1k l\u00e9trehoz\u00e1s\u00e1ra \u00e9s fenntart\u00e1s\u00e1ra. Az \u00edgy szervez\u0151d\u0151 szeg\u00e9nyes mag\u00e1niskol\u00e1k hossz\u00fa \u00e9vtizedek alatt jutnak el od\u00e1ig, hogy a nagy fa \u00e1rny\u00e9k\u00e1ban tartott \u00f3r\u00e1kt\u00f3l egy t\u00f6bb oszt\u00e1lyteremmel rendelkez\u0151 funkcion\u00e1lis \u00e9p\u00fclettel rendelkezzenek. <\/span><span data-ccp-props=\"{&quot;201341983&quot;:0,&quot;335559739&quot;:160,&quot;335559740&quot;:259}\">\u00a0<\/span><\/p>\n<p>[\/et_pb_text][\/et_pb_column][et_pb_column type=&#8221;1_2&#8243; _builder_version=&#8221;4.16&#8243; _module_preset=&#8221;default&#8221; global_colors_info=&#8221;{}&#8221;][et_pb_image src=&#8221;https:\/\/kozelafrikahoz.hu\/wp-content\/uploads\/2022\/03\/mali1b.png&#8221; title_text=&#8221;mali1b&#8221; _builder_version=&#8221;4.16&#8243; _module_preset=&#8221;default&#8221; global_colors_info=&#8221;{}&#8221;][\/et_pb_image][et_pb_text _builder_version=&#8221;4.17.3&#8243; _module_preset=&#8221;default&#8221; text_font_size=&#8221;16px&#8221; locked=&#8221;off&#8221; global_colors_info=&#8221;{}&#8221;]<\/p>\n<p><span data-contrast=\"auto\">Jelenleg k\u00e9t partneriskol\u00e1nk van Maliban, mindkett\u0151 \u00e9p\u00fcl\u00e9s\u00e9hez folyamatosan hozz\u00e1j\u00e1rulunk iskolafejleszt\u00e9si projektjeinkkel. \u00a0T\u00e1mogat\u00e1sra ebb\u0151l a k\u00e9t iskol\u00e1b\u00f3l aj\u00e1nljuk a legr\u00e1szorultabb tehets\u00e9ges gyermekeket.<\/span><span data-ccp-props=\"{&quot;201341983&quot;:0,&quot;335559739&quot;:160,&quot;335559740&quot;:259}\">\u00a0<\/span><\/p>\n<p>[\/et_pb_text][\/et_pb_column][\/et_pb_row][\/et_pb_section][et_pb_section fb_built=&#8221;1&#8243; _builder_version=&#8221;4.16&#8243; _module_preset=&#8221;default&#8221; background_color=&#8221;#E1DAD4&#8243; custom_padding=&#8221;26px||6px|||&#8221; global_colors_info=&#8221;{}&#8221;][et_pb_row _builder_version=&#8221;4.16&#8243; _module_preset=&#8221;default&#8221; global_colors_info=&#8221;{}&#8221;][et_pb_column type=&#8221;4_4&#8243; _builder_version=&#8221;4.16&#8243; _module_preset=&#8221;default&#8221; global_colors_info=&#8221;{}&#8221;][et_pb_text _builder_version=&#8221;4.17.4&#8243; _module_preset=&#8221;default&#8221; header_2_text_color=&#8221;#31AAAD&#8221; global_colors_info=&#8221;{}&#8221;]<\/p>\n<h2>Ch\u00e9rifoula Iskola, Bamako<\/h2>\n<p>[\/et_pb_text][\/et_pb_column][\/et_pb_row][et_pb_row _builder_version=&#8221;4.16&#8243; _module_preset=&#8221;default&#8221; custom_padding=&#8221;0px|||||&#8221; global_colors_info=&#8221;{}&#8221;][et_pb_column type=&#8221;4_4&#8243; _builder_version=&#8221;4.16&#8243; _module_preset=&#8221;default&#8221; global_colors_info=&#8221;{}&#8221;][et_pb_text _builder_version=&#8221;4.16&#8243; _module_preset=&#8221;default&#8221; text_font_size=&#8221;16px&#8221; global_colors_info=&#8221;{}&#8221;]<\/p>\n<p>Ez a szeg\u00e9nyes mag\u00e1niskola a bamak\u00f3i Sansfil nyomornegyed sz\u00fcl\u0151inek kezdem\u00e9nyez\u00e9s\u00e9re j\u00f6tt l\u00e9tre 2003-ban. Ezen a k\u00f6rny\u00e9ken az \u00e1llam nem tudott ugyanis iskol\u00e1t biztos\u00edtani a n\u00f6vekv\u0151 sz\u00e1m\u00fa lakoss\u00e1gnak. Az iskola a nyomornegyed sz\u00e9l\u00e9re, a szem\u00e9ttel teli mocs\u00e1rra \u00e9p\u00fclt megk\u00f6zel\u00edteni gyakran csak gyalogosan, a mocsaras r\u00e9szen \u00e1t\u00edvel\u0151 pall\u00f3kon kereszt\u00fcl lehetett. Ez az az iskola, ahol Morris Andrea a K\u00f6zel Afrik\u00e1hoz Alap\u00edtv\u00e1ny meg\u00e1lmod\u00f3ja tan\u00edtott, \u00e9s ahol\u00a0 a bamak\u00f3i gyermekt\u00e1mogat\u00e1s gondolata megfogant egy \u00e9vtizeddel ezel\u0151tt.\u00a0\u00a0 A gyermekt\u00e1mogat\u00e1si program kapcs\u00e1n m\u00e1r t\u00f6bb, mint 200 sanfils negyedbeli kisgyermek jutott alapsz\u00ednt\u0171 oktat\u00e1shoz magyar t\u00e1mogat\u00f3kon kereszt\u00fcl.<\/p>\n<p>[\/et_pb_text][\/et_pb_column][\/et_pb_row][et_pb_row column_structure=&#8221;1_2,1_2&#8243; _builder_version=&#8221;4.17.1&#8243; _module_preset=&#8221;default&#8221; global_colors_info=&#8221;{}&#8221;][et_pb_column type=&#8221;1_2&#8243; _builder_version=&#8221;4.17.1&#8243; _module_preset=&#8221;default&#8221; global_colors_info=&#8221;{}&#8221;][et_pb_image src=&#8221;https:\/\/kozelafrikahoz.hu\/wp-content\/uploads\/2022\/05\/Cherifoula-regen-2.jpg&#8221; title_text=&#8221;Cherifoula-regen-2&#8243; show_in_lightbox=&#8221;on&#8221; _builder_version=&#8221;4.17.4&#8243; _module_preset=&#8221;default&#8221; global_colors_info=&#8221;{}&#8221;][\/et_pb_image][\/et_pb_column][et_pb_column type=&#8221;1_2&#8243; _builder_version=&#8221;4.17.1&#8243; _module_preset=&#8221;default&#8221; global_colors_info=&#8221;{}&#8221;][et_pb_image src=&#8221;https:\/\/kozelafrikahoz.hu\/wp-content\/uploads\/2022\/05\/Cherifoula-most-scaled-1.jpg&#8221; title_text=&#8221;Cherifoula-most-scaled&#8221; show_in_lightbox=&#8221;on&#8221; _builder_version=&#8221;4.17.4&#8243; _module_preset=&#8221;default&#8221; global_colors_info=&#8221;{}&#8221;][\/et_pb_image][\/et_pb_column][\/et_pb_row][et_pb_row _builder_version=&#8221;4.16&#8243; _module_preset=&#8221;default&#8221; custom_padding=&#8221;0px|||||&#8221; global_colors_info=&#8221;{}&#8221;][et_pb_column type=&#8221;4_4&#8243; _builder_version=&#8221;4.16&#8243; _module_preset=&#8221;default&#8221; global_colors_info=&#8221;{}&#8221;][et_pb_text _builder_version=&#8221;4.16&#8243; _module_preset=&#8221;default&#8221; text_text_color=&#8221;#260F10&#8243; text_font_size=&#8221;16px&#8221; text_orientation=&#8221;center&#8221; global_colors_info=&#8221;{}&#8221;]<\/p>\n<p>Che\u0301rifoula re\u0301gen \u00e9s most<\/p>\n<p>[\/et_pb_text][\/et_pb_column][\/et_pb_row][\/et_pb_section][et_pb_section fb_built=&#8221;1&#8243; _builder_version=&#8221;4.16&#8243; _module_preset=&#8221;default&#8221; background_color=&#8221;#FFFFFF&#8221; custom_padding=&#8221;22px||0px|||&#8221; global_colors_info=&#8221;{}&#8221;][et_pb_row _builder_version=&#8221;4.16&#8243; _module_preset=&#8221;default&#8221; global_colors_info=&#8221;{}&#8221;][et_pb_column type=&#8221;4_4&#8243; _builder_version=&#8221;4.16&#8243; _module_preset=&#8221;default&#8221; global_colors_info=&#8221;{}&#8221;][et_pb_text _builder_version=&#8221;4.17.4&#8243; _module_preset=&#8221;default&#8221; header_2_text_color=&#8221;#260F10&#8243; global_colors_info=&#8221;{}&#8221;]<\/p>\n<h2>Gy\u0151ztesek iskol\u00e1ja<\/h2>\n<p>[\/et_pb_text][\/et_pb_column][\/et_pb_row][et_pb_row _builder_version=&#8221;4.16&#8243; _module_preset=&#8221;default&#8221; custom_padding=&#8221;0px|||||&#8221; global_colors_info=&#8221;{}&#8221;][et_pb_column type=&#8221;4_4&#8243; _builder_version=&#8221;4.16&#8243; _module_preset=&#8221;default&#8221; global_colors_info=&#8221;{}&#8221;][et_pb_text _builder_version=&#8221;4.17.3&#8243; _module_preset=&#8221;default&#8221; text_font_size=&#8221;16px&#8221; global_colors_info=&#8221;{}&#8221;]<\/p>\n<p>Ez az iskola a Bamak\u00f3 melletti boz\u00f3tosban tal\u00e1lhat\u00f3, ott, ahol sem \u00e1ram sem vezet\u00e9kes v\u00edz nincs. Els\u0151 l\u00e1togat\u00e1sunkkor a szeg\u00e9nyes mag\u00e1niskola legink\u00e1bb egy \u00e9p\u00edtkez\u00e9sre hasonl\u00edtott, ahol az els\u0151 emeleten m\u00e9g \u00e9letvesz\u00e9lyes korl\u00e1t n\u00e9lk\u00fcli folyos\u00f3kon rohang\u00e1ltak a gyerekek, \u00e9s ahol m\u00e9g illemhelyis\u00e9gek sem voltak. M\u00e1ra sokat fejl\u0151d\u00f6tt az iskola magyar t\u00e1mogat\u00e1s \u00e1ltal. Jelenleg 30 gyermek tand\u00edj\u00e1t fizetik magyar t\u00e1mogat\u00f3k. Az elm\u00falt \u00e9vek fejleszt\u00e9sei k\u00f6sz\u00f6nhet\u0151en ma m\u00e1r sz\u00e1m\u00edt\u00f3g\u00e9pterem, f\u00fart k\u00fat \u00e9s illemhelyis\u00e9gek \u00e1llnak a tanul\u00f3k rendelkez\u00e9s\u00e9re.<\/p>\n<p>[\/et_pb_text][\/et_pb_column][\/et_pb_row][et_pb_row column_structure=&#8221;1_2,1_2&#8243; _builder_version=&#8221;4.17.1&#8243; _module_preset=&#8221;default&#8221; global_colors_info=&#8221;{}&#8221;][et_pb_column type=&#8221;1_2&#8243; _builder_version=&#8221;4.17.1&#8243; _module_preset=&#8221;default&#8221; global_colors_info=&#8221;{}&#8221;][et_pb_image src=&#8221;https:\/\/kozelafrikahoz.hu\/wp-content\/uploads\/2022\/05\/gyoztesek-iskolaja-regen.png&#8221; title_text=&#8221;gyoztesek-iskolaja-regen&#8221; show_in_lightbox=&#8221;on&#8221; _builder_version=&#8221;4.17.4&#8243; _module_preset=&#8221;default&#8221; global_colors_info=&#8221;{}&#8221;][\/et_pb_image][\/et_pb_column][et_pb_column type=&#8221;1_2&#8243; _builder_version=&#8221;4.17.1&#8243; _module_preset=&#8221;default&#8221; global_colors_info=&#8221;{}&#8221;][et_pb_image src=&#8221;https:\/\/kozelafrikahoz.hu\/wp-content\/uploads\/2022\/05\/gyoztesekiskolajamost.png&#8221; title_text=&#8221;gyoztesekiskolajamost&#8221; show_in_lightbox=&#8221;on&#8221; _builder_version=&#8221;4.17.4&#8243; _module_preset=&#8221;default&#8221; global_colors_info=&#8221;{}&#8221;][\/et_pb_image][\/et_pb_column][\/et_pb_row][et_pb_row _builder_version=&#8221;4.16&#8243; _module_preset=&#8221;default&#8221; custom_padding=&#8221;0px|||||&#8221; global_colors_info=&#8221;{}&#8221;][et_pb_column type=&#8221;4_4&#8243; _builder_version=&#8221;4.16&#8243; _module_preset=&#8221;default&#8221; global_colors_info=&#8221;{}&#8221;][et_pb_text _builder_version=&#8221;4.17.3&#8243; _module_preset=&#8221;default&#8221; text_text_color=&#8221;#260F10&#8243; text_font_size=&#8221;16px&#8221; text_orientation=&#8221;center&#8221; global_colors_info=&#8221;{}&#8221;]<\/p>\n<p>Gy\u0151ztesek iskol\u00e1ja r\u00e9gen \u00e9s most<\/p>\n<p>[\/et_pb_text][\/et_pb_column][\/et_pb_row][\/et_pb_section][et_pb_section fb_built=&#8221;1&#8243; _builder_version=&#8221;4.17.3&#8243; _module_preset=&#8221;default&#8221; background_color=&#8221;#E1DAD4&#8243; custom_margin=&#8221;||13px|||&#8221; global_colors_info=&#8221;{}&#8221;][et_pb_row _builder_version=&#8221;4.16&#8243; _module_preset=&#8221;default&#8221; global_colors_info=&#8221;{}&#8221;][et_pb_column type=&#8221;4_4&#8243; _builder_version=&#8221;4.16&#8243; _module_preset=&#8221;default&#8221; global_colors_info=&#8221;{}&#8221;][et_pb_text _builder_version=&#8221;4.17.4&#8243; _module_preset=&#8221;default&#8221; header_2_text_color=&#8221;#31AAAD&#8221; global_colors_info=&#8221;{}&#8221;]<\/p>\n<h2>Ruanda &#8211; &#8222;T\u00e1mogasd a tanul\u00e1sban!&#8221; program<\/h2>\n<p>[\/et_pb_text][\/et_pb_column][\/et_pb_row][et_pb_row column_structure=&#8221;1_2,1_2&#8243; _builder_version=&#8221;4.16&#8243; _module_preset=&#8221;default&#8221; global_colors_info=&#8221;{}&#8221;][et_pb_column type=&#8221;1_2&#8243; _builder_version=&#8221;4.16&#8243; _module_preset=&#8221;default&#8221; global_colors_info=&#8221;{}&#8221;][et_pb_text _builder_version=&#8221;4.17.3&#8243; _module_preset=&#8221;default&#8221; text_font_size=&#8221;16px&#8221; global_colors_info=&#8221;{}&#8221;]<\/p>\n<p><span data-contrast=\"none\">A gy\u00f6ny\u00f6r\u0171 Ruand\u00e1t Afrika Sv\u00e1jcak\u00e9nt is szokt\u00e1k emlegetni: egyr\u00e9szt az\u00e9rt, mert magasan fekszik (1500m felett), m\u00e1sr\u00e9szt tiszta, rendezett, szab\u00e1lyozott orsz\u00e1g, ahol a k\u00f6zbiztons\u00e1g is kiv\u00e1l\u00f3.<\/span><span data-ccp-props=\"{&quot;201341983&quot;:0,&quot;335551550&quot;:6,&quot;335551620&quot;:6,&quot;335559739&quot;:160,&quot;335559740&quot;:259}\">\u00a0<\/span><\/p>\n<p><span data-contrast=\"none\">Az 1994-es ruandai n\u00e9p\u00edrt\u00e1s az orsz\u00e1got romokban \u00e9s m\u00e9lyszeg\u00e9nys\u00e9gben hagyta, ahonnan a k\u00f6zponti vezet\u00e9s tudatos moderniz\u00e1ci\u00f3val jutott el a mai fejletts\u00e9gi szintig.\u00a0 Egy ilyen gyors\u00fctem\u0171 fejl\u0151d\u00e9s azonban nem tud mindenkit mag\u00e1val vinni. M\u00edg a f\u0151v\u00e1ros f\u00e9ny\u00e1rban \u00faszik, addig az ezer domb orsz\u00e1g\u00e1nak eldugott kis falvaiban elszigetelten \u00e9l\u0151 f\u00f6ldm\u0171vel\u0151 csal\u00e1dokn\u00e1l sem \u00e1ramszolg\u00e1ltat\u00e1s, sem foly\u00f3v\u00edz nincs \u00e9s az \u00e9hez\u00e9s is mindennapos.\u00a0 A mez\u0151gazdas\u00e1g moderniz\u00e1ci\u00f3ja nev\u00e9ben t\u00f6rt\u00e9nt k\u00e9nyszerfelv\u00e1s\u00e1rl\u00e1sok k\u00f6vetkezt\u00e9ben a f\u00f6ldm\u0171vel\u0151k ter\u00fclete lecs\u00f6kkent, \u00edgy a saj\u00e1t term\u00e9kek megtermel\u00e9se egyre nagyobb neh\u00e9zs\u00e9g. <\/span><span data-ccp-props=\"{&quot;201341983&quot;:0,&quot;335551550&quot;:6,&quot;335551620&quot;:6,&quot;335559739&quot;:160,&quot;335559740&quot;:259}\">\u00a0<\/span><\/p>\n<p><span data-contrast=\"none\">Ruand\u00e1ban ugyan hivatalosan ingyenes az iskola, de a val\u00f3s\u00e1gban t\u00f6bb k\u00f6telez\u0151 k\u00f6lts\u00e9g is terheli a sz\u00fcl\u0151ket, \u00fagymint a biztos\u00edt\u00e1s, egyenruha \u00e9s eb\u00e9d. A\u00a0neh\u00e9z helyzetben l\u00e9v\u0151 csal\u00e1dok sz\u00e1m\u00e1ra az iskolai felszerel\u00e9sek \u00e9s a cip\u0151 (ak\u00e1r csak egy gumipapucs) megv\u00e1s\u00e1rl\u00e1sa is gondot okoz, \u00edgy gyermekeik kimaradoznak az iskol\u00e1b\u00f3l. Gyermekt\u00e1mogat\u00e1si programunkkal ezeknek a csal\u00e1doknak szeretn\u00e9nk seg\u00edteni, hogy tehets\u00e9ges gyermekeik bennmaradhassanak vagy visszaker\u00fcljenek az iskol\u00e1ba.<\/span>\u00a0<\/p>\n<p>[\/et_pb_text][et_pb_image src=&#8221;https:\/\/kozelafrikahoz.hu\/wp-content\/uploads\/2022\/04\/DSCN7253-scaled.jpg&#8221; title_text=&#8221;ruanda1&#8243; _builder_version=&#8221;4.16&#8243; _module_preset=&#8221;default&#8221; global_colors_info=&#8221;{}&#8221;][\/et_pb_image][\/et_pb_column][et_pb_column type=&#8221;1_2&#8243; _builder_version=&#8221;4.16&#8243; _module_preset=&#8221;default&#8221; global_colors_info=&#8221;{}&#8221;][et_pb_image src=&#8221;https:\/\/kozelafrikahoz.hu\/wp-content\/uploads\/2022\/04\/DSCN7265-scaled.jpg&#8221; title_text=&#8221;ruanda2&#8243; _builder_version=&#8221;4.16&#8243; _module_preset=&#8221;default&#8221; global_colors_info=&#8221;{}&#8221;][\/et_pb_image][et_pb_text _builder_version=&#8221;4.17.3&#8243; _module_preset=&#8221;default&#8221; text_font_size=&#8221;16px&#8221; locked=&#8221;off&#8221; global_colors_info=&#8221;{}&#8221;]<\/p>\n<p><span data-contrast=\"none\" xml:lang=\"HU-HU\" lang=\"HU-HU\" class=\"TextRun SCXW260141882 BCX0\"><span class=\"NormalTextRun SCXW260141882 BCX0\">A Gyermekt\u00e1mogat\u00e1si programban r\u00e9sztvev\u0151 gyermek a tan\u00e1ri \u00e9s a sz\u00fcl\u0151i <\/span><\/span><span data-contrast=\"none\" xml:lang=\"HU-HU\" lang=\"HU-HU\" class=\"TextRun Underlined SCXW260141882 BCX0\"><span class=\"NormalTextRun SCXW260141882 BCX0\">k\u00f6z\u00f6ss\u00e9g aj\u00e1nl\u00e1sa<\/span><\/span><span data-contrast=\"none\" xml:lang=\"HU-HU\" lang=\"HU-HU\" class=\"TextRun SCXW260141882 BCX0\"><span class=\"NormalTextRun SCXW260141882 BCX0\"> alapj\u00e1n ker\u00fclnek l\u00e1t\u00f3k\u00f6r\u00fcnkbe, majd az aj\u00e1nl\u00e1st k\u00f6vet\u0151en csal\u00e1dl\u00e1togat\u00e1s \u00e9s <\/span><\/span><span data-contrast=\"none\" xml:lang=\"HU-HU\" lang=\"HU-HU\" class=\"TextRun Underlined SCXW260141882 BCX0\"><span class=\"NormalTextRun SCXW260141882 BCX0\">szem\u00e9lyes interj\u00fak<\/span><\/span><span data-contrast=\"none\" xml:lang=\"HU-HU\" lang=\"HU-HU\" class=\"TextRun SCXW260141882 BCX0\"><span class=\"NormalTextRun SCXW260141882 BCX0\"> alapj\u00e1n v\u00e1lasztjuk ki \u0151ket.\u00a0<\/span><span class=\"NormalTextRun SCXW260141882 BCX0\">A t\u00e1mogathat\u00f3 di\u00e1kok egyt\u0151l-egyig nagyon szeg\u00e9ny csal\u00e1db\u00f3l sz\u00e1rmaznak, a legt\u00f6bbj\u00fckn\u00e9l mindennapos otthon az \u00e9hez\u00e9s, villany\u00e1ram \u00e9s v\u00edz n\u00e9lk\u00fcli kunyh\u00f3kban laknak, ahol az iskola ut\u00e1ni tanul\u00e1s nagy neh\u00e9zs\u00e9gekbe \u00fctk\u00f6zik. T\u00f6bben k\u00f6z\u00fcl\u00fck \u00f3r\u00e1kat gyalogolnak az iskol\u00e1ba nap mint nap, ahol a tan\u00f3r\u00e1k mellett egyszeri \u00e9tkez\u00e9st is biztos\u00edtanak sz\u00e1mukra. Van olyan iskola, ahol a sz\u00fcl\u0151i k\u00f6z\u00f6ss\u00e9g kegyelemb\u0151l enni ad a szeg\u00e9ny gyerekeknek is, \u00e9s cser\u00e9ben a sz\u00fcl\u0151 vagy a gyermek dolgozik az iskol\u00e1ban<\/span><\/span><span data-contrast=\"none\" xml:lang=\"HU-HU\" lang=\"HU-HU\" class=\"TextRun SCXW260141882 BCX0\"><span class=\"NormalTextRun SCXW260141882 BCX0\"> \u00e9s<\/span><\/span><span data-contrast=\"none\" xml:lang=\"HU-HU\" lang=\"HU-HU\" class=\"TextRun SCXW260141882 BCX0\"><span class=\"NormalTextRun SCXW260141882 BCX0\"> az iskola kezel\u00e9s\u00e9ben l\u00e9v\u0151 f<\/span><\/span><span data-contrast=\"none\" xml:lang=\"HU-HU\" lang=\"HU-HU\" class=\"TextRun SCXW260141882 BCX0\"><span class=\"NormalTextRun SCXW260141882 BCX0\">\u00f6ldeken.<\/span><\/span><span class=\"EOP SCXW260141882 BCX0\" data-ccp-props=\"{&quot;201341983&quot;:0,&quot;335551550&quot;:6,&quot;335551620&quot;:6,&quot;335559739&quot;:160,&quot;335559740&quot;:259}\">\u00a0<\/span><\/p>\n<p>Mit t\u00e1mogatunk?\u00a0<\/p>\n<p>Az iskol\u00e1t, a k\u00f6z\u00f6ss\u00e9get \u00e9s a kiemelked\u0151 k\u00e9pess\u00e9g\u0171 gyerekeket szeretn\u00e9nk seg\u00edteni azzal, hogy t\u00e1mogat\u00f3t keres\u00fcnk a kiv\u00e1lasztott di\u00e1kok r\u00e9sz\u00e9re.\u00a0\u00a0<\/p>\n<p>A havi 5000.- Ft t\u00e1mogat\u00e1sb\u00f3l a gyermek \u00e9tkez\u00e9s\u00e9t, biztos\u00edt\u00e1s\u00e1t, egyenruh\u00e1j\u00e1t \u00e9s a tanszereket fizetj\u00fck. Ezen fel\u00fcl megold\u00e1st keres\u00fcnk arra, hogy otthon is tudjanak tanulni a di\u00e1kok. A F\u00e9ny a tanul\u00e1shoz programunk keret\u00e9ben napelemmel m\u0171k\u00f6d\u0151 vil\u00e1g\u00edt\u00e1st szeretn\u00e9nk biztos\u00edtani ott, ahol nincs \u00e1ramszolg\u00e1ltat\u00e1s.\u00a0<\/p>\n<p>[\/et_pb_text][\/et_pb_column][\/et_pb_row][\/et_pb_section][et_pb_section fb_built=&#8221;1&#8243; _builder_version=&#8221;4.17.3&#8243; _module_preset=&#8221;default&#8221; background_color=&#8221;#FFFFFF&#8221; custom_padding=&#8221;0px|||||&#8221; global_colors_info=&#8221;{}&#8221;][et_pb_row _builder_version=&#8221;4.16&#8243; _module_preset=&#8221;default&#8221; global_colors_info=&#8221;{}&#8221;][et_pb_column type=&#8221;4_4&#8243; _builder_version=&#8221;4.16&#8243; _module_preset=&#8221;default&#8221; global_colors_info=&#8221;{}&#8221;][et_pb_text _builder_version=&#8221;4.17.4&#8243; _module_preset=&#8221;default&#8221; header_2_text_color=&#8221;#260F10&#8243; global_colors_info=&#8221;{}&#8221;]<\/p>\n<h2>Nyanzai Iskola<\/h2>\n<p>[\/et_pb_text][\/et_pb_column][\/et_pb_row][et_pb_row _builder_version=&#8221;4.16&#8243; _module_preset=&#8221;default&#8221; custom_padding=&#8221;0px|||||&#8221; global_colors_info=&#8221;{}&#8221;][et_pb_column type=&#8221;4_4&#8243; _builder_version=&#8221;4.16&#8243; _module_preset=&#8221;default&#8221; global_colors_info=&#8221;{}&#8221;][et_pb_text _builder_version=&#8221;4.16&#8243; _module_preset=&#8221;default&#8221; text_font_size=&#8221;16px&#8221; global_colors_info=&#8221;{}&#8221;]<\/p>\n<div class=\"cxmmr5t8 oygrvhab hcukyx3x c1et5uql o9v6fnle ii04i59q\">\n<div dir=\"auto\">A 960 f\u0151s, j\u00f3l felszerelt, 6 oszt\u00e1lyos gimn\u00e1ziumban van k\u00f6nyvt\u00e1r, sz\u00e1m\u00edt\u00f3g\u00e9pterem, eb\u00e9dl\u0151 \u00e9s a di\u00e1kok is elf\u00e9rnek az iskolapadban. Az iskola k\u00f6zkedvelt, hiszen j\u00f3 eredm\u00e9nyeket \u00e9r el.<\/div>\n<\/div>\n<div class=\"cxmmr5t8 oygrvhab hcukyx3x c1et5uql o9v6fnle ii04i59q\">\n<div dir=\"auto\">85 olyan gyermek van, akiknek a sz\u00fcleik annyira szeg\u00e9nyek, hogy semmit sem tudnak fizetni a k\u00f6telez\u0151 d\u00edjakb\u00f3l, k\u00f6z\u00fcl\u00fck ker\u00fclt be 12 tehets\u00e9ges di\u00e1k gyermekt\u00e1mogat\u00e1si programunkba.\u00a0<\/div>\n<\/div>\n<div class=\"cxmmr5t8 oygrvhab hcukyx3x c1et5uql o9v6fnle ii04i59q\">\n<div dir=\"auto\">Mi\u00e9rt j\u00f3 egy okos gimnazist\u00e1t t\u00e1mogatni?<\/div>\n<\/div>\n<div class=\"cxmmr5t8 oygrvhab hcukyx3x c1et5uql o9v6fnle ii04i59q\">\n<div dir=\"auto\">Mert \u0151 m\u00e1r megmutatta, hogy neh\u00e9zs\u00e9gei ellen\u00e9re is k\u00e9pes j\u00f3 teljes\u00edtm\u00e9nyre \u00e9s szeret tanulni, fejl\u0151dni. Van es\u00e9ly\u00fck a tov\u00e1bbtanul\u00e1sra \u00e9s \u00edgy arra, hogy seg\u00edts\u00e9k k\u00f6rnyezet\u00fck kiemelked\u00e9s\u00e9t. T\u00f6bbsz\u00f6r\u00f6s hat\u00e1st tudunk \u00edgy el\u00e9rni!<\/div>\n<\/div>\n<div class=\"cxmmr5t8 oygrvhab hcukyx3x c1et5uql o9v6fnle ii04i59q\">\n<div dir=\"auto\">Az iskola mind szellemis\u00e9g\u00e9ben (\u00f6sszefog\u00e1s a szeg\u00e9nyek\u00e9rt), mind szakmais\u00e1g\u00e1ban leny\u0171g\u00f6z\u0151. \u00d6r\u00fcl\u00fcnk, hogy ilyen partnerre tal\u00e1ltunk!<\/div>\n<\/div>\n<p>[\/et_pb_text][\/et_pb_column][\/et_pb_row][et_pb_row column_structure=&#8221;1_2,1_2&#8243; _builder_version=&#8221;4.17.1&#8243; _module_preset=&#8221;default&#8221; global_colors_info=&#8221;{}&#8221;][et_pb_column type=&#8221;1_2&#8243; _builder_version=&#8221;4.17.1&#8243; _module_preset=&#8221;default&#8221; global_colors_info=&#8221;{}&#8221;][et_pb_image src=&#8221;https:\/\/kozelafrikahoz.hu\/wp-content\/uploads\/2022\/04\/20220314_125814-scaled.jpg&#8221; title_text=&#8221;Nyanzai iskola&#8221; show_in_lightbox=&#8221;on&#8221; _builder_version=&#8221;4.17.1&#8243; _module_preset=&#8221;default&#8221; global_colors_info=&#8221;{}&#8221;][\/et_pb_image][\/et_pb_column][et_pb_column type=&#8221;1_2&#8243; _builder_version=&#8221;4.17.1&#8243; _module_preset=&#8221;default&#8221; global_colors_info=&#8221;{}&#8221;][et_pb_image src=&#8221;https:\/\/kozelafrikahoz.hu\/wp-content\/uploads\/2022\/04\/20220314_124748-scaled.jpg&#8221; title_text=&#8221;Nyanzai iskola2&#8243; show_in_lightbox=&#8221;on&#8221; _builder_version=&#8221;4.17.1&#8243; _module_preset=&#8221;default&#8221; global_colors_info=&#8221;{}&#8221;][\/et_pb_image][\/et_pb_column][\/et_pb_row][et_pb_row _builder_version=&#8221;4.16&#8243; _module_preset=&#8221;default&#8221; custom_padding=&#8221;0px|||||&#8221; global_colors_info=&#8221;{}&#8221;][et_pb_column type=&#8221;4_4&#8243; _builder_version=&#8221;4.16&#8243; _module_preset=&#8221;default&#8221; global_colors_info=&#8221;{}&#8221;][et_pb_text _builder_version=&#8221;4.16&#8243; _module_preset=&#8221;default&#8221; text_text_color=&#8221;#260F10&#8243; text_font_size=&#8221;16px&#8221; text_orientation=&#8221;center&#8221; global_colors_info=&#8221;{}&#8221;]<\/p>\n<p>Nyanzai iskola<\/p>\n<p>[\/et_pb_text][\/et_pb_column][\/et_pb_row][\/et_pb_section][et_pb_section fb_built=&#8221;1&#8243; _builder_version=&#8221;4.21.0&#8243; _module_preset=&#8221;default&#8221; background_color=&#8221;#E1DAD4&#8243; custom_padding=&#8221;0px|||||&#8221; locked=&#8221;off&#8221; global_colors_info=&#8221;{}&#8221;][et_pb_row _builder_version=&#8221;4.16&#8243; _module_preset=&#8221;default&#8221; global_colors_info=&#8221;{}&#8221;][et_pb_column type=&#8221;4_4&#8243; _builder_version=&#8221;4.16&#8243; _module_preset=&#8221;default&#8221; global_colors_info=&#8221;{}&#8221;][et_pb_text _builder_version=&#8221;4.21.0&#8243; _module_preset=&#8221;default&#8221; header_2_text_color=&#8221;#260F10&#8243; global_colors_info=&#8221;{}&#8221;]<\/p>\n<h2><strong>Kamanai iskol\u00e1nk<\/strong><\/h2>\n<p>[\/et_pb_text][\/et_pb_column][\/et_pb_row][et_pb_row _builder_version=&#8221;4.16&#8243; _module_preset=&#8221;default&#8221; custom_padding=&#8221;0px|||||&#8221; global_colors_info=&#8221;{}&#8221;][et_pb_column type=&#8221;4_4&#8243; _builder_version=&#8221;4.16&#8243; _module_preset=&#8221;default&#8221; global_colors_info=&#8221;{}&#8221;][et_pb_text _builder_version=&#8221;4.18.0&#8243; _module_preset=&#8221;default&#8221; text_font_size=&#8221;16px&#8221; global_colors_info=&#8221;{}&#8221;]<\/p>\n<p><span>M\u00e1sik ruandai partneriskol\u00e1nk E.S. Nyanza mellett a G.S. Kamana, ahol a &#8216;T\u00e1mogasd a tanul\u00e1sban!&#8217; programunkat szint\u00e9n kiterjesztj\u00fck id\u00e9n. Az iskola Ruanda d\u00e9li r\u00e9sz\u00e9n helyezkedik el. \u00d6sszesen 1565 gyermek tanul itt, akikre 44 tan\u00e1r jut. Az iskola \u00e9p\u00fclete viszonylag j\u00f3l felszerelt, b\u00e1r egy-k\u00e9t dologban fejleszt\u00e9sre szorul, ilyenek pl: &#8211; A k\u00f6nyvt\u00e1r \u00e1llapota &#8211; Jelenleg p\u00e1r oszt\u00e1ly- \u00e9s tan\u00e1rteremben nincs rendes tet\u0151, \u00edgy gyakran be\u00e1znak &#8211; Nincs minden teremben konnektor, \u00e1ramell\u00e1t\u00e1s &#8211; Ker\u00edt\u00e9s is hi\u00e1nyzik az iskola k\u00f6r\u00fcl &#8211; Hi\u00e1nyz\u00f3 sportp\u00e1lya, ahol testnevel\u00e9s \u00f3r\u00e1t, k\u00fcl\u00f6nb\u00f6z\u0151 j\u00e1t\u00e9kokat tudn\u00e1nak tartani &#8211; Sportfelszerel\u00e9sek, labd\u00e1k\u2026 stb. hi\u00e1nya &#8211; Valamint tov\u00e1bbi \u00edr\u00f3asztalokra, padokra lenne sz\u00fcks\u00e9g. \u00d6sszess\u00e9g\u00e9ben egy j\u00f3 iskol\u00e1nak sz\u00e1m\u00edt, DE AMI M\u00c9G FONTOSABB: A k\u00f6rny\u00e9k\u00e9n olyan gyermekeket kutattunk fel az igazgat\u00f3 \u00e9s helyi \u00f6nk\u00e9nteseink (k\u00f6z\u00fcl\u00fck az egyik tan\u00e1r) seg\u00edts\u00e9g\u00e9vel, akik (nagyr\u00e9szt a Covid-19 miatt) kimaradtak az iskol\u00e1b\u00f3l, \u00e9s nem tudj\u00e1k az\u00f3ta sem folytatni a tanulm\u00e1nyaikat. Nagyr\u00e9szt \u00e1rva gyermekekr\u0151l van sz\u00f3, vagy nagyon szeg\u00e9ny csal\u00e1db\u00f3l sz\u00e1rmaz\u00f3kr\u00f3l, akik nem tudj\u00e1k finansz\u00edrozni az iskolai eb\u00e9det, tanfelszerel\u00e9st, valamint az egyenruh\u00e1t.<\/span><\/p>\n<p>[\/et_pb_text][\/et_pb_column][\/et_pb_row][et_pb_row column_structure=&#8221;1_2,1_2&#8243; _builder_version=&#8221;4.17.1&#8243; _module_preset=&#8221;default&#8221; global_colors_info=&#8221;{}&#8221;][et_pb_column type=&#8221;1_2&#8243; _builder_version=&#8221;4.17.1&#8243; _module_preset=&#8221;default&#8221; global_colors_info=&#8221;{}&#8221;][\/et_pb_column][et_pb_column type=&#8221;1_2&#8243; _builder_version=&#8221;4.17.1&#8243; _module_preset=&#8221;default&#8221; global_colors_info=&#8221;{}&#8221;][\/et_pb_column][\/et_pb_row][et_pb_row _builder_version=&#8221;4.16&#8243; _module_preset=&#8221;default&#8221; custom_padding=&#8221;0px|||||&#8221; global_colors_info=&#8221;{}&#8221;][et_pb_column type=&#8221;4_4&#8243; _builder_version=&#8221;4.16&#8243; _module_preset=&#8221;default&#8221; global_colors_info=&#8221;{}&#8221;][\/et_pb_column][\/et_pb_row][\/et_pb_section][et_pb_section fb_built=&#8221;1&#8243; _builder_version=&#8221;4.17.3&#8243; _module_preset=&#8221;default&#8221; background_color=&#8221;#FFFFFF&#8221; custom_padding=&#8221;0px|||||&#8221; locked=&#8221;off&#8221; global_colors_info=&#8221;{}&#8221;][et_pb_row _builder_version=&#8221;4.16&#8243; _module_preset=&#8221;default&#8221; global_colors_info=&#8221;{}&#8221;][et_pb_column type=&#8221;4_4&#8243; _builder_version=&#8221;4.16&#8243; _module_preset=&#8221;default&#8221; global_colors_info=&#8221;{}&#8221;][et_pb_text _builder_version=&#8221;4.21.0&#8243; _module_preset=&#8221;default&#8221; header_2_text_color=&#8221;#260F10&#8243; custom_padding=&#8221;2px|||||&#8221; global_colors_info=&#8221;{}&#8221;]<\/p>\n<h2><span>AKAGERA K\u00f6lyk\u00f6k<\/span><\/h2>\n<p>[\/et_pb_text][\/et_pb_column][\/et_pb_row][et_pb_row _builder_version=&#8221;4.16&#8243; _module_preset=&#8221;default&#8221; custom_padding=&#8221;0px|||||&#8221; global_colors_info=&#8221;{}&#8221;][et_pb_column type=&#8221;4_4&#8243; _builder_version=&#8221;4.16&#8243; _module_preset=&#8221;default&#8221; global_colors_info=&#8221;{}&#8221;][et_pb_text _builder_version=&#8221;4.21.0&#8243; _module_preset=&#8221;default&#8221; text_font_size=&#8221;16px&#8221; global_colors_info=&#8221;{}&#8221;]<\/p>\n<div>\n<p><span>Jean Bosco \u00e9s feles\u00e9ge ind\u00edtotta el az AKAGERA Kids nev\u0171 programot, amikor 2022 elej\u00e9n egy csapat fiatal ide-oda k\u00f3borolt a k\u00f6rny\u00e9ken, akiket a legt\u00f6bb ember simlis viselked\u00e9s\u00fck, koszos kin\u00e9zet\u00fck miatt elker\u00fclt, elzavart. Bosco \u00e9s csal\u00e1dja m\u00e1sk\u00e9pp \u00e1llt ezekhez a gyerekekhez \u00e9s elkezdt\u00e9k \u201emegszelid\u00edteni\u201d \u0151ket, eleinte higi\u00e9niai eszk\u00f6z\u00f6k felaj\u00e1nl\u00e1s\u00e1val \u00e9s \u00e9tellel. \u00cdgy der\u00fclt ki, hogy a gyerekek \u201eMarine\u201d-nak (azaz \u201eTenger\u00e9szgyalogosok\u201d-nak) nevezt\u00e9k magukat. A katonai konnot\u00e1ci\u00f3 a band\u00e1s viselked\u00e9s\u00fckb\u0151l \u00e9s abb\u00f3l a m\u00f3djukb\u00f3l ered, hogy minden \u00e9rt\u00e9kes dolgot ellopnak, majd a legt\u00f6bbsz\u00f6r azonnal elt\u0171nnek a vizes \u00e9l\u0151helyeken. Egy\u00e9bk\u00e9nt, b\u00e1r a csoport tagjai 7 \u00e9s 11 \u00e9v k\u00f6z\u00f6tti gyerekek voltak, szigor\u00faan egys\u00e9ges magatart\u00e1si k\u00f3dex\u00fck \u00e9s vezet\u00e9si strukt\u00far\u00e1juk volt.\u00a0<\/span><\/p>\n<\/div>\n<div>\n<p><span>Megpr\u00f3b\u00e1ltuk a csoport minden tagj\u00e1t visszailleszteni abba a csal\u00e1dba, ahonnan j\u00f6ttek, kiv\u00e9ve azt az egyet, akinek egyetlen rokona sem volt. \u0150t v\u00e9g\u00fcl a csoport egyik tagj\u00e1nak csal\u00e1dja fogadta be.\u00a0<\/span><\/p>\n<\/div>\n<div>\n<p><span>\u00a0<\/span><\/p>\n<\/div>\n<div>\n<p><span>A 2022-2023-as tan\u00e9vben megkezd\u0151d\u00f6tt az ekkor m\u00e1r Akagera Kids n\u00e9ven h\u00edvott csapat \u00fajraiskol\u00e1z\u00e1sa. Az iskol\u00e1ban tapasztalhat\u00f3 \u201etenger\u00e9szgyalogos\u201d viselked\u00e9st, zaklat\u00e1st fokozatosan kellett visszaszor\u00edtani. Megold\u00e1sk\u00e9nt minden gyereknek saj\u00e1t tan\u00e1rt kerest\u00fcnk az iskol\u00e1ban, akit\u0151l elv\u00e1rtuk, hogy besz\u00e1moljon a napi el\u0151rehalad\u00e1sr\u00f3l.\u00a0<\/span><\/p>\n<\/div>\n<div>\n<p><span>\u00a0<\/span><\/p>\n<\/div>\n<div>\n<p><span>2022 novembere \u00f3ta pedig minden vas\u00e1rnap k\u00f6z\u00f6s j\u00e1t\u00e9k, \u00e9letvezet\u00e9si tan\u00e1csad\u00e1s zajlik, amit egy k\u00f6z\u00f6s vas\u00e1rnapi eb\u00e9d z\u00e1r. Ezt k\u00e9s\u0151bb kiterjesztett\u00fck az \u00fcnnepekre is, hogy a gyerekeket lefoglaljuk \u00e9s egy\u00fctt tartsuk. 2023 elej\u00e9n \u00fagy d\u00f6nt\u00f6tt\u00fcnk, hogy bevonjuk a gyerekek csal\u00e1dj\u00e1t \u00e9s gondvisel\u0151it, hogy holisztikusan \u00e1lljunk a jelens\u00e9ghez.\u00a0<\/span><\/p>\n<\/div>\n<div>\n<p><span>Fokozatosan, egyre t\u00f6bb ember t\u00e1mogatta az \u00f6tletet \u00e9s adom\u00e1nyozott az Akagera Kids-nek, \u00e9s mostant\u00f3l a K\u00f6zel Afrik\u00e1hoz Alap\u00edtv\u00e1ny egy\u00fcttm\u0171k\u00f6d\u00e9s\u00e9ben is lehet\u0151s\u00e9getek van \u00e9s lesz is gyermekeket t\u00e1mogatni.\u00a0<\/span><\/p>\n<\/div>\n<p>&nbsp;<\/p>\n<p>[\/et_pb_text][\/et_pb_column][\/et_pb_row][et_pb_row column_structure=&#8221;1_2,1_2&#8243; _builder_version=&#8221;4.17.1&#8243; _module_preset=&#8221;default&#8221; global_colors_info=&#8221;{}&#8221;][et_pb_column type=&#8221;1_2&#8243; _builder_version=&#8221;4.17.1&#8243; _module_preset=&#8221;default&#8221; global_colors_info=&#8221;{}&#8221;][et_pb_image src=&#8221;https:\/\/kozelafrikahoz.hu\/wp-content\/uploads\/2023\/09\/a4.jpg&#8221; title_text=&#8221;a4&#8243; _builder_version=&#8221;4.21.0&#8243; _module_preset=&#8221;default&#8221; global_colors_info=&#8221;{}&#8221;][\/et_pb_image][\/et_pb_column][et_pb_column type=&#8221;1_2&#8243; _builder_version=&#8221;4.17.1&#8243; _module_preset=&#8221;default&#8221; global_colors_info=&#8221;{}&#8221;][et_pb_image src=&#8221;https:\/\/kozelafrikahoz.hu\/wp-content\/uploads\/2023\/09\/a1.jpg&#8221; title_text=&#8221;a1&#8243; _builder_version=&#8221;4.21.0&#8243; _module_preset=&#8221;default&#8221; global_colors_info=&#8221;{}&#8221;][\/et_pb_image][\/et_pb_column][\/et_pb_row][et_pb_row _builder_version=&#8221;4.16&#8243; _module_preset=&#8221;default&#8221; custom_padding=&#8221;0px|||||&#8221; global_colors_info=&#8221;{}&#8221;][et_pb_column type=&#8221;4_4&#8243; _builder_version=&#8221;4.16&#8243; _module_preset=&#8221;default&#8221; global_colors_info=&#8221;{}&#8221;][et_pb_image src=&#8221;https:\/\/kozelafrikahoz.hu\/wp-content\/uploads\/2023\/09\/a2.jpg&#8221; title_text=&#8221;a2&#8243; _builder_version=&#8221;4.21.0&#8243; _module_preset=&#8221;default&#8221; width=&#8221;43%&#8221; global_colors_info=&#8221;{}&#8221;][\/et_pb_image][\/et_pb_column][\/et_pb_row][\/et_pb_section]<\/p>\n","protected":false},"excerpt":{"rendered":"<p>Gyermekt\u00e1mogat\u00e1sA gyerekt\u00e1mogat\u00e1s \u00f6tlete 2012-re, \u00e9s helyi tapasztalatainkra vezethet\u0151 vissza. Morris Andrea ekkor Bamako Sanfil nyomornegyed\u00e9ben tan\u00edtott, ahol sok m\u00e1s nyomornegyedhez hasonl\u00f3an nem volt \u00e1llami iskola.\u00a0 A gyerekek, akik itt \u00e9lnek csak akkor tanulhattak, ha valaki kifizette nekik a szer\u00e9ny tand\u00edjat, amit a helyi priv\u00e1t iskola k\u00e9rt. Andrea szomor\u00faan l\u00e1tta, hogy mennyi gyerek maradt ki az [&hellip;]<\/p>\n","protected":false},"author":1,"featured_media":0,"parent":21,"menu_order":0,"comment_status":"closed","ping_status":"open","template":"","meta":{"_et_pb_use_builder":"on","_et_pb_old_content":"<!-- wp:divi\/placeholder \/-->","_et_gb_content_width":"","footnotes":""},"class_list":["post-23","page","type-page","status-publish","hentry"],"_links":{"self":[{"href":"https:\/\/kozelafrikahoz.hu\/en\/wp-json\/wp\/v2\/pages\/23","targetHints":{"allow":["GET"]}}],"collection":[{"href":"https:\/\/kozelafrikahoz.hu\/en\/wp-json\/wp\/v2\/pages"}],"about":[{"href":"https:\/\/kozelafrikahoz.hu\/en\/wp-json\/wp\/v2\/types\/page"}],"author":[{"embeddable":true,"href":"https:\/\/kozelafrikahoz.hu\/en\/wp-json\/wp\/v2\/users\/1"}],"replies":[{"embeddable":true,"href":"https:\/\/kozelafrikahoz.hu\/en\/wp-json\/wp\/v2\/comments?post=23"}],"version-history":[{"count":73,"href":"https:\/\/kozelafrikahoz.hu\/en\/wp-json\/wp\/v2\/pages\/23\/revisions"}],"predecessor-version":[{"id":3728,"href":"https:\/\/kozelafrikahoz.hu\/en\/wp-json\/wp\/v2\/pages\/23\/revisions\/3728"}],"up":[{"embeddable":true,"href":"https:\/\/kozelafrikahoz.hu\/en\/wp-json\/wp\/v2\/pages\/21"}],"wp:attachment":[{"href":"https:\/\/kozelafrikahoz.hu\/en\/wp-json\/wp\/v2\/media?parent=23"}],"curies":[{"name":"wp","href":"https:\/\/api.w.org\/{rel}","templated":true}]}}