{"id":19,"date":"2022-02-16T13:57:02","date_gmt":"2022-02-16T12:57:02","guid":{"rendered":"https:\/\/kozelafrikahoz.hu\/?page_id=19"},"modified":"2025-04-18T11:07:57","modified_gmt":"2025-04-18T09:07:57","slug":"kik-vagyunk","status":"publish","type":"page","link":"https:\/\/kozelafrikahoz.hu\/en\/kik-vagyunk\/","title":{"rendered":"Who are we?"},"content":{"rendered":"<p>[et_pb_section fb_built=&#8221;1&#8243; disabled_on=&#8221;off|off|off&#8221; _builder_version=&#8221;4.17.4&#8243; _module_preset=&#8221;default&#8221; background_color=&#8221;#260F10&#8243; background_image=&#8221;https:\/\/kozelafrikahoz.hu\/wp-content\/uploads\/2022\/02\/home-slide-image.png&#8221; background_size=&#8221;initial&#8221; background_position=&#8221;center_right&#8221; background_horizontal_offset=&#8221;0%&#8221; module_alignment=&#8221;center&#8221; height=&#8221;699px&#8221; height_tablet=&#8221;504px&#8221; height_phone=&#8221;220px&#8221; height_last_edited=&#8221;on|phone&#8221; custom_padding=&#8221;6px|||||&#8221; background_last_edited=&#8221;on|phone&#8221; background_image_tablet=&#8221;https:\/\/kozelafrikahoz.hu\/wp-content\/uploads\/2022\/02\/home-slide-image.png&#8221; background_image_phone=&#8221;https:\/\/kozelafrikahoz.hu\/wp-content\/uploads\/2022\/02\/home-slide-image.png&#8221; background_enable_image_tablet=&#8221;on&#8221; background_enable_image_phone=&#8221;on&#8221; background_size_phone=&#8221;cover&#8221; background_image_width_phone=&#8221;100%&#8221; background_image_height_phone=&#8221;100%&#8221; background_position_phone=&#8221;bottom_center&#8221; background_horizontal_offset_tablet=&#8221;18%&#8221; background_horizontal_offset_phone=&#8221;8%&#8221; background_vertical_offset_phone=&#8221;81%&#8221; global_module=&#8221;1376&#8243; locked=&#8221;off&#8221; global_colors_info=&#8221;{}&#8221;][et_pb_row column_structure=&#8221;1_2,1_2&#8243; disabled_on=&#8221;on|on|off&#8221; _builder_version=&#8221;4.17.1&#8243; _module_preset=&#8221;default&#8221; width=&#8221;90%&#8221; max_width=&#8221;1280px&#8221; module_alignment=&#8221;center&#8221; height=&#8221;100px&#8221; max_height=&#8221;100px&#8221; custom_padding=&#8221;||0px|||&#8221; locked=&#8221;off&#8221; global_colors_info=&#8221;{}&#8221;][et_pb_column type=&#8221;1_2&#8243; admin_label=&#8221;Oszlop&#8221; _builder_version=&#8221;4.16&#8243; _module_preset=&#8221;default&#8221; global_colors_info=&#8221;{}&#8221;][et_pb_text disabled_on=&#8221;on|on|off&#8221; _builder_version=&#8221;4.17.4&#8243; _dynamic_attributes=&#8221;content&#8221; _module_preset=&#8221;default&#8221; text_font=&#8221;Rubik|600|||||||&#8221; text_text_color=&#8221;#E5852C&#8221; text_font_size=&#8221;35px&#8221; header_text_color=&#8221;#E5852C&#8221; header_font_size=&#8221;35px&#8221; header_line_height=&#8221;1.4em&#8221; min_height=&#8221;34.4px&#8221; custom_margin=&#8221;||11px|||&#8221; locked=&#8221;off&#8221; global_colors_info=&#8221;{}&#8221;]@ET-DC@eyJkeW5hbWljIjp0cnVlLCJjb250ZW50IjoicG9zdF90aXRsZSIsInNldHRpbmdzIjp7ImJlZm9yZSI6IiIsImFmdGVyIjoiIn19@[\/et_pb_text][\/et_pb_column][et_pb_column type=&#8221;1_2&#8243; admin_label=&#8221;Oszlop&#8221; _builder_version=&#8221;4.16&#8243; _module_preset=&#8221;default&#8221; global_colors_info=&#8221;{}&#8221;][\/et_pb_column][\/et_pb_row][\/et_pb_section][et_pb_section fb_built=&#8221;1&#8243; disabled_on=&#8221;on|on|off&#8221; admin_label=&#8221;hero-3&#8243; _builder_version=&#8221;4.17.4&#8243; _module_preset=&#8221;default&#8221; background_color=&#8221;#260F10&#8243; module_alignment=&#8221;center&#8221; min_height=&#8221;272px&#8221; min_height_tablet=&#8221;&#8221; min_height_phone=&#8221;&#8221; min_height_last_edited=&#8221;on|tablet&#8221; height=&#8221;218px&#8221; height_tablet=&#8221;&#8221; height_phone=&#8221;&#8221; height_last_edited=&#8221;on|tablet&#8221; custom_padding=&#8221;0px||0px|||&#8221; global_module=&#8221;1122&#8243; saved_tabs=&#8221;all&#8221; locked=&#8221;off&#8221; global_colors_info=&#8221;{}&#8221;][\/et_pb_section][et_pb_section fb_built=&#8221;1&#8243; _builder_version=&#8221;4.17.3&#8243; _module_preset=&#8221;default&#8221; background_color=&#8221;#E1DAD4&#8243; custom_padding=&#8221;0px|||||&#8221; global_colors_info=&#8221;{}&#8221;][et_pb_row _builder_version=&#8221;4.16&#8243; _module_preset=&#8221;default&#8221; background_color=&#8221;#E1DAD4&#8243; custom_padding=&#8221;20px|30px|20px|30px|false|true&#8221; locked=&#8221;off&#8221; global_colors_info=&#8221;{}&#8221;][et_pb_column type=&#8221;4_4&#8243; saved_specialty_column_type=&#8221;2_3&#8243; _builder_version=&#8221;4.16&#8243; _module_preset=&#8221;default&#8221; global_colors_info=&#8221;{}&#8221;][et_pb_text disabled_on=&#8221;on|on|on&#8221; _builder_version=&#8221;4.17.4&#8243; _module_preset=&#8221;default&#8221; header_2_text_align=&#8221;center&#8221; header_2_text_color=&#8221;#31AAAD&#8221; custom_margin=&#8221;||20px|||&#8221; disabled=&#8221;on&#8221; global_colors_info=&#8221;{}&#8221;]<\/p>\n<h2>Kik vagyunk?<\/h2>\n<p>[\/et_pb_text][et_pb_text _builder_version=&#8221;4.17.3&#8243; _module_preset=&#8221;default&#8221; text_font_size=&#8221;16px&#8221; text_orientation=&#8221;center&#8221; global_colors_info=&#8221;{}&#8221;]<\/p>\n<p>Alap\u00edtv\u00e1nyunkat olyan sikeres mag\u00e1nemberek hozt\u00e1k l\u00e9tre \u00e9s m\u0171k\u00f6dtetik, akik elk\u00f6telezettek abban, hogy valamit visszaadjanak a vil\u00e1gnak abb\u00f3l, amit kaptak.<br \/>Saj\u00e1t szakmai karrierj\u00fck mellett mindannyian k\u00f6t\u0151dnek valamilyen m\u00f3don az afrikai kontinenshez, szem\u00e9lyes \u00e9rintetts\u00e9g\u00fck az alap\u00edtv\u00e1ny tev\u00e9kenys\u00e9g\u00e9ben val\u00f3 r\u00e9szv\u00e9tel\u00fckben meghat\u00e1roz\u00f3.<br \/>Az alap\u00edtv\u00e1ny munk\u00e1j\u00e1t lelkes \u2013 fiatal \u00e9s m\u00e1r nem annyira fiatal \u2013 \u00f6nk\u00e9ntesek csapata seg\u00edti, akik n\u00e9lk\u00fcl nem lehetn\u00e9nk azok, akik vagyunk.<\/p>\n<p>[\/et_pb_text][\/et_pb_column][\/et_pb_row][\/et_pb_section][et_pb_section fb_built=&#8221;1&#8243; _builder_version=&#8221;4.17.4&#8243; _module_preset=&#8221;default&#8221; background_color=&#8221;#FFFFFF&#8221; global_colors_info=&#8221;{}&#8221;][et_pb_row _builder_version=&#8221;4.17.3&#8243; _module_preset=&#8221;default&#8221; background_color=&#8221;RGBA(255,255,255,0)&#8221; custom_padding=&#8221;20px|30px|20px|30px|false|true&#8221; locked=&#8221;off&#8221; global_colors_info=&#8221;{}&#8221;][et_pb_column type=&#8221;4_4&#8243; saved_specialty_column_type=&#8221;2_3&#8243; _builder_version=&#8221;4.16&#8243; _module_preset=&#8221;default&#8221; global_colors_info=&#8221;{}&#8221;][et_pb_text _builder_version=&#8221;4.16&#8243; _module_preset=&#8221;default&#8221; header_2_text_align=&#8221;center&#8221; custom_margin=&#8221;||20px|||&#8221; global_colors_info=&#8221;{}&#8221;]<\/p>\n<h2>Alapelveink<\/h2>\n<p>[\/et_pb_text][et_pb_text _builder_version=&#8221;4.16&#8243; _module_preset=&#8221;default&#8221; text_font=&#8221;|600|||||||&#8221; text_text_color=&#8221;#260F10&#8243; text_orientation=&#8221;center&#8221; global_colors_info=&#8221;{}&#8221;]<\/p>\n<p>Fenntarthat\u00f3s\u00e1g \u2013 ne csak hardware-t, hanem software-t is adjunk!<br \/>Dokument\u00e1lhat\u00f3s\u00e1g \u2013 projektjeink ut\u00e1nk\u00f6vethet\u0151ek legyenek!<br \/>Ker\u00fclj\u00fck az adom\u00e1nyv\u00e1r\u00f3 magatart\u00e1s kialakul\u00e1s\u00e1t!<\/p>\n<p>[\/et_pb_text][\/et_pb_column][\/et_pb_row][\/et_pb_section][et_pb_section fb_built=&#8221;1&#8243; _builder_version=&#8221;4.17.4&#8243; _module_preset=&#8221;default&#8221; background_image=&#8221;https:\/\/kozelafrikahoz.hu\/wp-content\/uploads\/2022\/05\/tamogato-background.png&#8221; saved_tabs=&#8221;all&#8221; locked=&#8221;off&#8221; global_colors_info=&#8221;{}&#8221; global_module=&#8221;252&#8243; theme_builder_area=&#8221;post_content&#8221;][et_pb_row column_structure=&#8221;1_4,1_4,1_4,1_4&#8243; _builder_version=&#8221;4.16&#8243; _module_preset=&#8221;default&#8221; locked=&#8221;off&#8221; global_colors_info=&#8221;{}&#8221; theme_builder_area=&#8221;post_content&#8221;][et_pb_column type=&#8221;1_4&#8243; _builder_version=&#8221;4.16&#8243; _module_preset=&#8221;default&#8221; global_colors_info=&#8221;{}&#8221; theme_builder_area=&#8221;post_content&#8221;][\/et_pb_column][et_pb_column type=&#8221;1_4&#8243; _builder_version=&#8221;4.16&#8243; _module_preset=&#8221;default&#8221; global_colors_info=&#8221;{}&#8221; theme_builder_area=&#8221;post_content&#8221;][et_pb_button button_url=&#8221;@ET-DC@eyJkeW5hbWljIjp0cnVlLCJjb250ZW50IjoicG9zdF9saW5rX3VybF9wYWdlIiwic2V0dGluZ3MiOnsicG9zdF9pZCI6IjUzOCJ9fQ==@&#8221; button_text=&#8221;T\u00e1mogass egy gyereket&#8221; button_alignment=&#8221;center&#8221; _builder_version=&#8221;4.21.0&#8243; _dynamic_attributes=&#8221;button_url&#8221; _module_preset=&#8221;default&#8221; custom_button=&#8221;on&#8221; button_text_color=&#8221;#FFFFFF&#8221; button_bg_color=&#8221;#E5852C&#8221; button_border_width=&#8221;0px&#8221; button_border_radius=&#8221;5px&#8221; button_font=&#8221;|600|||||||&#8221; button_text_shadow_style=&#8221;preset3&#8243; box_shadow_style=&#8221;preset1&#8243; global_colors_info=&#8221;{}&#8221; theme_builder_area=&#8221;post_content&#8221;][\/et_pb_button][\/et_pb_column][et_pb_column type=&#8221;1_4&#8243; _builder_version=&#8221;4.16&#8243; _module_preset=&#8221;default&#8221; global_colors_info=&#8221;{}&#8221; theme_builder_area=&#8221;post_content&#8221;][et_pb_button button_url=&#8221;@ET-DC@eyJkeW5hbWljIjp0cnVlLCJjb250ZW50IjoicG9zdF9saW5rX3VybF9wYWdlIiwic2V0dGluZ3MiOnsicG9zdF9pZCI6IjU0MCJ9fQ==@&#8221; button_text=&#8221;T\u00e1mogass egy programot&#8221; button_alignment=&#8221;center&#8221; _builder_version=&#8221;4.21.0&#8243; _dynamic_attributes=&#8221;button_url&#8221; _module_preset=&#8221;default&#8221; custom_button=&#8221;on&#8221; button_text_color=&#8221;#FFFFFF&#8221; button_bg_color=&#8221;#E5852C&#8221; button_border_width=&#8221;0px&#8221; button_border_radius=&#8221;5px&#8221; button_font=&#8221;|600|||||||&#8221; button_text_shadow_style=&#8221;preset3&#8243; box_shadow_style=&#8221;preset1&#8243; global_colors_info=&#8221;{}&#8221; theme_builder_area=&#8221;post_content&#8221;][\/et_pb_button][\/et_pb_column][et_pb_column type=&#8221;1_4&#8243; _builder_version=&#8221;4.16&#8243; _module_preset=&#8221;default&#8221; global_colors_info=&#8221;{}&#8221; theme_builder_area=&#8221;post_content&#8221;][\/et_pb_column][\/et_pb_row][\/et_pb_section][et_pb_section fb_built=&#8221;1&#8243; _builder_version=&#8221;4.16&#8243; _module_preset=&#8221;default&#8221; background_color=&#8221;#E1DAD4&#8243; custom_padding=&#8221;2px||0px|||&#8221; global_colors_info=&#8221;{}&#8221;][et_pb_row _builder_version=&#8221;4.16&#8243; _module_preset=&#8221;default&#8221; custom_padding=&#8221;50px|||||&#8221; global_colors_info=&#8221;{}&#8221;][et_pb_column type=&#8221;4_4&#8243; _builder_version=&#8221;4.16&#8243; _module_preset=&#8221;default&#8221; global_colors_info=&#8221;{}&#8221;][et_pb_text _builder_version=&#8221;4.17.4&#8243; _module_preset=&#8221;default&#8221; header_2_text_align=&#8221;center&#8221; header_2_text_color=&#8221;#31AAAD&#8221; global_colors_info=&#8221;{}&#8221;]<\/p>\n<h2>Alap\u00edt\u00f3k<\/h2>\n<p>[\/et_pb_text][\/et_pb_column][\/et_pb_row][et_pb_row column_structure=&#8221;1_3,1_3,1_3&#8243; _builder_version=&#8221;4.16&#8243; _module_preset=&#8221;default&#8221; global_colors_info=&#8221;{}&#8221;][et_pb_column type=&#8221;1_3&#8243; _builder_version=&#8221;4.16&#8243; _module_preset=&#8221;default&#8221; global_colors_info=&#8221;{}&#8221;][et_pb_blurb title=&#8221;Dr. Tarr\u00f3sy Istv\u00e1n&#8221; image=&#8221;https:\/\/kozelafrikahoz.hu\/wp-content\/uploads\/2022\/05\/tarrosy-istvan.png&#8221; _builder_version=&#8221;4.17.4&#8243; _module_preset=&#8221;default&#8221; header_font=&#8221;|300|||||||&#8221; header_text_align=&#8221;center&#8221; header_font_size=&#8221;20px&#8221; global_colors_info=&#8221;{}&#8221;][\/et_pb_blurb][\/et_pb_column][et_pb_column type=&#8221;1_3&#8243; _builder_version=&#8221;4.16&#8243; _module_preset=&#8221;default&#8221; global_colors_info=&#8221;{}&#8221;][et_pb_blurb title=&#8221;L\u00e1ngh J\u00falia&#8221; image=&#8221;https:\/\/kozelafrikahoz.hu\/wp-content\/uploads\/2022\/05\/la\u0301ngh-ju\u0301lia.png&#8221; _builder_version=&#8221;4.17.4&#8243; _module_preset=&#8221;default&#8221; header_font=&#8221;|300|||||||&#8221; header_text_align=&#8221;center&#8221; header_font_size=&#8221;20px&#8221; global_colors_info=&#8221;{}&#8221;][\/et_pb_blurb][\/et_pb_column][et_pb_column type=&#8221;1_3&#8243; _builder_version=&#8221;4.16&#8243; _module_preset=&#8221;default&#8221; global_colors_info=&#8221;{}&#8221;][et_pb_blurb title=&#8221;Bog\u00e1nyi Tibor&#8221; image=&#8221;https:\/\/kozelafrikahoz.hu\/wp-content\/uploads\/2022\/05\/boga\u0301nyi-tibor.png&#8221; _builder_version=&#8221;4.17.4&#8243; _module_preset=&#8221;default&#8221; header_font=&#8221;|300|||||||&#8221; header_text_align=&#8221;center&#8221; header_font_size=&#8221;20px&#8221; global_colors_info=&#8221;{}&#8221;][\/et_pb_blurb][\/et_pb_column][\/et_pb_row][\/et_pb_section][et_pb_section fb_built=&#8221;1&#8243; _builder_version=&#8221;4.16&#8243; _module_preset=&#8221;default&#8221; global_colors_info=&#8221;{}&#8221;][et_pb_row _builder_version=&#8221;4.16&#8243; _module_preset=&#8221;default&#8221; custom_padding=&#8221;0px||4px|||&#8221; global_colors_info=&#8221;{}&#8221;][et_pb_column type=&#8221;4_4&#8243; _builder_version=&#8221;4.16&#8243; _module_preset=&#8221;default&#8221; global_colors_info=&#8221;{}&#8221;][et_pb_text _builder_version=&#8221;4.17.4&#8243; _module_preset=&#8221;default&#8221; header_2_text_align=&#8221;center&#8221; header_2_text_color=&#8221;#260F10&#8243; locked=&#8221;off&#8221; global_colors_info=&#8221;{}&#8221;]<\/p>\n<h2>Kurat\u00f3rium<\/h2>\n<p>[\/et_pb_text][\/et_pb_column][\/et_pb_row][et_pb_row _builder_version=&#8221;4.16&#8243; _module_preset=&#8221;default&#8221; global_colors_info=&#8221;{}&#8221;][et_pb_column type=&#8221;4_4&#8243; _builder_version=&#8221;4.16&#8243; _module_preset=&#8221;default&#8221; global_colors_info=&#8221;{}&#8221;][et_pb_blurb title=&#8221;Morris Andrea&#8221; image=&#8221;https:\/\/kozelafrikahoz.hu\/wp-content\/uploads\/2022\/03\/morris-andrea-2.png&#8221; icon_placement=&#8221;left&#8221; image_icon_width=&#8221;200px&#8221; content_max_width=&#8221;900px&#8221; icon_placement_tablet=&#8221;left&#8221; icon_placement_phone=&#8221;top&#8221; icon_placement_last_edited=&#8221;on|phone&#8221; image_icon_width_tablet=&#8221;200px&#8221; image_icon_width_phone=&#8221;100%&#8221; image_icon_width_last_edited=&#8221;on|phone&#8221; _builder_version=&#8221;4.16&#8243; _module_preset=&#8221;default&#8221; body_font_size=&#8221;16px&#8221; image_icon_custom_margin=&#8221;|20px|||false|false&#8221; module_alignment=&#8221;center&#8221; global_colors_info=&#8221;{}&#8221;]<\/p>\n<p>a kurat\u00f3rium eln\u00f6ke<\/p>\n<p>Az \u00f6tletgazda, Morris Andrea csal\u00e1dj\u00e1val 2009 \u00e9s 2013 k\u00f6z\u00f6tt Afrik\u00e1ban \u00e9lt. Afrikai \u00e9lm\u00e9nyei k\u00f6z\u00fcl a legmaradand\u00f3bb az az id\u0151szak volt, amikor a bamak\u00f3i Sanfil nyomornegyed iskol\u00e1j\u00e1ban tan\u00edtott. Ezen a k\u00f6rny\u00e9ken nem volt \u00e1llami iskola, \u00edgy Andrea sok gyerekkel tal\u00e1lkozott, akik sz\u00fcleik szeg\u00e9nys\u00e9ge miatt nem jutottak el iskol\u00e1ba. 2012-ben fogalmaz\u00f3dott meg benne a bamak\u00f3i gyermekt\u00e1mogat\u00e1si program gondolata, amely az\u00f3ta m\u00e1r t\u00f6bb, mint 100 gyereket juttatott alapsz\u00ednt\u0171 oktat\u00e1shoz a vil\u00e1g olyan r\u00e9szein, ahol nincs ingyenes iskola.<\/p>\n<p>[\/et_pb_blurb][\/et_pb_column][\/et_pb_row][et_pb_row _builder_version=&#8221;4.16&#8243; _module_preset=&#8221;default&#8221; custom_padding=&#8221;0px||4px|||&#8221; global_colors_info=&#8221;{}&#8221;][et_pb_column type=&#8221;4_4&#8243; _builder_version=&#8221;4.16&#8243; _module_preset=&#8221;default&#8221; global_colors_info=&#8221;{}&#8221;][et_pb_text _builder_version=&#8221;4.16&#8243; _module_preset=&#8221;default&#8221; header_2_text_align=&#8221;center&#8221; locked=&#8221;off&#8221; global_colors_info=&#8221;{}&#8221;]<\/p>\n<h2>A kurat\u00f3rium tov\u00e1bbi tagjai<\/h2>\n<p>[\/et_pb_text][\/et_pb_column][\/et_pb_row][et_pb_row column_structure=&#8221;1_2,1_2&#8243; _builder_version=&#8221;4.16&#8243; _module_preset=&#8221;default&#8221; global_colors_info=&#8221;{}&#8221;][et_pb_column type=&#8221;1_2&#8243; _builder_version=&#8221;4.16&#8243; _module_preset=&#8221;default&#8221; global_colors_info=&#8221;{}&#8221;][et_pb_text _builder_version=&#8221;4.16&#8243; _module_preset=&#8221;default&#8221; text_font=&#8221;|600|||||||&#8221; text_orientation=&#8221;center&#8221; global_colors_info=&#8221;{}&#8221;]<\/p>\n<p>Dr. Zar\u00e1ndy \u00c1kos<\/p>\n<p>[\/et_pb_text][\/et_pb_column][et_pb_column type=&#8221;1_2&#8243; _builder_version=&#8221;4.16&#8243; _module_preset=&#8221;default&#8221; global_colors_info=&#8221;{}&#8221;][et_pb_text _builder_version=&#8221;4.16&#8243; _module_preset=&#8221;default&#8221; text_font=&#8221;|600|||||||&#8221; text_orientation=&#8221;center&#8221; global_colors_info=&#8221;{}&#8221;]<\/p>\n<p>Zalka P\u00e9ter<\/p>\n<p>[\/et_pb_text][\/et_pb_column][\/et_pb_row][\/et_pb_section][et_pb_section fb_built=&#8221;1&#8243; _builder_version=&#8221;4.16&#8243; _module_preset=&#8221;default&#8221; background_color=&#8221;#E1DAD4&#8243; global_colors_info=&#8221;{}&#8221;][et_pb_row _builder_version=&#8221;4.16&#8243; _module_preset=&#8221;default&#8221; custom_padding=&#8221;0px||4px|||&#8221; locked=&#8221;off&#8221; global_colors_info=&#8221;{}&#8221;][et_pb_column type=&#8221;4_4&#8243; _builder_version=&#8221;4.16&#8243; _module_preset=&#8221;default&#8221; global_colors_info=&#8221;{}&#8221;][et_pb_text _builder_version=&#8221;4.17.4&#8243; _module_preset=&#8221;default&#8221; header_2_text_align=&#8221;center&#8221; header_2_text_color=&#8221;#31AAAD&#8221; locked=&#8221;off&#8221; global_colors_info=&#8221;{}&#8221;]<\/p>\n<h2>\u00d6nk\u00e9nteseink<\/h2>\n<p>[\/et_pb_text][\/et_pb_column][\/et_pb_row][et_pb_row _builder_version=&#8221;4.16&#8243; _module_preset=&#8221;default&#8221; locked=&#8221;off&#8221; global_colors_info=&#8221;{}&#8221;][et_pb_column type=&#8221;4_4&#8243; _builder_version=&#8221;4.16&#8243; _module_preset=&#8221;default&#8221; global_colors_info=&#8221;{}&#8221;][et_pb_blurb title=&#8221;Rea Milla&#8221; image=&#8221;https:\/\/kozelafrikahoz.hu\/wp-content\/uploads\/2022\/03\/Mathe-Krisztian-Copy.png&#8221; icon_placement=&#8221;left&#8221; image_icon_width=&#8221;200px&#8221; content_max_width=&#8221;900px&#8221; icon_placement_tablet=&#8221;left&#8221; icon_placement_phone=&#8221;top&#8221; icon_placement_last_edited=&#8221;on|phone&#8221; image_icon_width_tablet=&#8221;200px&#8221; image_icon_width_phone=&#8221;100%&#8221; image_icon_width_last_edited=&#8221;on|phone&#8221; _builder_version=&#8221;4.16&#8243; _module_preset=&#8221;default&#8221; body_font_size=&#8221;16px&#8221; image_icon_custom_margin=&#8221;|20px|||false|false&#8221; module_alignment=&#8221;center&#8221; global_colors_info=&#8221;{}&#8221;]<\/p>\n<p>nagyk\u00f6vet<\/p>\n<p>Szom\u00e1liai menek\u00fcltk\u00e9nt \u00e9rkeztem Magyarorsz\u00e1gra 15 \u00e9vesen. Szeret\u0151 \u00e9desany\u00e1m h\u00e9t gyermek\u00e9b\u0151l a legnagyobbk\u00e9nt egy k\u00e9nyszerh\u00e1zass\u00e1g el\u0151l menek\u00fcltem egy \u00e9ven \u00e9s sok orsz\u00e1gon \u00e1t egyed\u00fcl, h\u00e1trahagyva a csal\u00e1domat. Magyarorsz\u00e1g fogadott be, ahol \u00faj \u00e9letet kezdhettem. Megismerkedtem a magyar \u00e9s eur\u00f3pai kult\u00far\u00e1val, m\u00e9g ma is tanulom a vil\u00e1g egyik legnehezebb nyelv\u00e9t, \u00e9s le\u00e9retts\u00e9giztem. A beilleszked\u00e9semr\u0151l, err\u0151l a sz\u00e9p, de k\u00fczdelmes \u00fatr\u00f3l, a magyar \u00e9letemr\u0151l egy dokumentumfilm is k\u00e9sz\u00fclt K\u00f6nny\u0171 leck\u00e9k c\u00edmmel. <br \/>Civil munk\u00e1m mellett fot\u00f3modellk\u00e9nt is dolgozom, de az igazi szenved\u00e9lyem m\u00e1soknak seg\u00edteni. Igyekszem az ismerts\u00e9gemet is felhaszn\u00e1lva \u00f6nk\u00e9ntes munk\u00e1val, kamp\u00e1nyokkal, interj\u00fakkal, a szem\u00e9lyes tapasztalataimmal \u00e9s saj\u00e1t p\u00e9ld\u00e1mmal is er\u0151t adni m\u00e1soknak, hogy merjenek a saj\u00e1t \u00fatjukra l\u00e9pni. Megtiszteltet\u00e9s sz\u00e1momra, hogy a K\u00f6zel Afrik\u00e1hoz Alap\u00edtv\u00e1ny felk\u00e9r\u00e9s\u00e9re egy j\u00f3 \u00e9s sz\u00e1momra is kiemelked\u0151en fontos \u00fcgyet k\u00e9pviselhetek. Afrikai emberk\u00e9nt szem\u00e9lyes tapasztalatom van arr\u00f3l, hogy milyen az, amikor az \u00e9letben val\u00f3 boldogul\u00e1s egyik legalapvet\u0151bb felt\u00e9tel\u00e9hez \u2013 az oktat\u00e1shoz \u2013 nincs hozz\u00e1f\u00e9r\u00e9sem. Pedig a saj\u00e1t \u00e9letem tapasztalata is azt mutatja, hogy nincs nagyobb lehet\u0151s\u00e9g egy ember \u00e9let\u00e9ben, mint a tanul\u00e1s es\u00e9lye. Ez\u00e9rt is szeretn\u00e9k visszaadni valamit a vil\u00e1gnak abb\u00f3l a rengeteg t\u00e1mogat\u00e1sb\u00f3l, amit \u00e9n kaptam.<\/p>\n<p>[\/et_pb_blurb][\/et_pb_column][\/et_pb_row][et_pb_row _builder_version=&#8221;4.17.4&#8243; _module_preset=&#8221;default&#8221; locked=&#8221;off&#8221; global_colors_info=&#8221;{}&#8221;][et_pb_column type=&#8221;4_4&#8243; _builder_version=&#8221;4.16&#8243; _module_preset=&#8221;default&#8221; global_colors_info=&#8221;{}&#8221;][et_pb_blurb title=&#8221;N\u00e9meth Aliz&#8221; image=&#8221;https:\/\/kozelafrikahoz.hu\/wp-content\/uploads\/2022\/12\/DSCN2458_sz.png&#8221; icon_placement=&#8221;left&#8221; image_icon_width=&#8221;200px&#8221; content_max_width=&#8221;900px&#8221; icon_placement_tablet=&#8221;left&#8221; icon_placement_phone=&#8221;top&#8221; icon_placement_last_edited=&#8221;on|phone&#8221; image_icon_width_tablet=&#8221;200px&#8221; image_icon_width_phone=&#8221;100%&#8221; image_icon_width_last_edited=&#8221;on|phone&#8221; _builder_version=&#8221;4.19.1&#8243; _module_preset=&#8221;default&#8221; body_font_size=&#8221;16px&#8221; image_icon_custom_margin=&#8221;|20px|||false|false&#8221; module_alignment=&#8221;center&#8221; global_colors_info=&#8221;{}&#8221;]<\/p>\n<p><span>ruandai gyermekt\u00e1mogat\u00e1si koordin\u00e1tor<\/span><\/p>\n<p><span>Az\u00e9rt csatlakoztam az alap\u00edtv\u00e1nyhoz, mert mindig is sz\u00edvb\u0151l szerettem Afrik\u00e1t, valamint szeretek r\u00e1szorul\u00f3 embereken seg\u00edteni, k\u00fcl\u00f6n\u00f6sen gyermekeken. Hiszem, hogy gyermekt\u00e1mogat\u00e1si programunk sokat fog hozz\u00e1tenni hossz\u00fat\u00e1von az oktat\u00e1si es\u00e9lyegyenl\u0151s\u00e9ghez. Ez\u00e9rt is fontos sz\u00e1momra a gyermekekben l\u00e9v\u0151 tud\u00e1s\/tehets\u00e9g kibontakoztat\u00e1sa. A h\u00edrlev\u00e9l szerkeszt\u00e9s\u00e9vel, illetve a ruandai gyermekt\u00e1mogat\u00e1s koordin\u00e1l\u00e1s\u00e1val veszek r\u00e9szt az alap\u00edtv\u00e1ny munk\u00e1j\u00e1ban.<\/span><\/p>\n<p>[\/et_pb_blurb][\/et_pb_column][\/et_pb_row][et_pb_row _builder_version=&#8221;4.17.4&#8243; _module_preset=&#8221;default&#8221; locked=&#8221;off&#8221; global_colors_info=&#8221;{}&#8221;][et_pb_column type=&#8221;4_4&#8243; _builder_version=&#8221;4.16&#8243; _module_preset=&#8221;default&#8221; global_colors_info=&#8221;{}&#8221;][et_pb_blurb title=&#8221;Vir\u00e1g Gr\u00e9ta&#8221; image_icon_background_color=&#8221;#FFFFFF&#8221; image=&#8221;https:\/\/kozelafrikahoz.hu\/wp-content\/uploads\/2023\/06\/greti.jpg&#8221; icon_placement=&#8221;left&#8221; image_icon_width=&#8221;200px&#8221; content_max_width=&#8221;900px&#8221; icon_placement_tablet=&#8221;left&#8221; icon_placement_phone=&#8221;top&#8221; icon_placement_last_edited=&#8221;on|desktop&#8221; image_icon_width_tablet=&#8221;200px&#8221; image_icon_width_phone=&#8221;100%&#8221; image_icon_width_last_edited=&#8221;on|phone&#8221; _builder_version=&#8221;4.21.0&#8243; _module_preset=&#8221;default&#8221; body_font_size=&#8221;16px&#8221; image_icon_custom_margin=&#8221;|20px|||false|false&#8221; module_alignment=&#8221;center&#8221; border_color_all_image=&#8221;RGBA(255,255,255,0)&#8221; global_colors_info=&#8221;{}&#8221; image_icon_background_color__hover_enabled=&#8221;on|desktop&#8221; image_icon_background_color__hover=&#8221;#FFFFFF&#8221;]<\/p>\n<div class=\"x11i5rnm xat24cr x1mh8g0r x1vvkbs xtlvy1s x126k92a\">\n<div dir=\"auto\">\u00f6nk\u00e9ntes<\/div>\n<div dir=\"auto\"><\/div>\n<div dir=\"auto\">&#8222;Afrika k\u00e9rlelhetetlen\u00fcl a fejemben motoszk\u00e1l, \u00edgy 2021-ben csatlakoztam a K\u00f6zel Afrik\u00e1hoz \u00f6nk\u00e9ntes csapat\u00e1hoz. Afrika a szenved\u00e9lyem, sz\u00e1momra a soksz\u00edn\u0171s\u00e9get jelenti!&#8221;<\/div>\n<\/div>\n<div class=\"x11i5rnm xat24cr x1mh8g0r x1vvkbs xtlvy1s x126k92a\">\n<div dir=\"auto\">Gr\u00e9ti, nemcsak a rendezv\u00e9nyszervez\u00e9sben \u00e9s lebonyol\u00edt\u00e1sban vesz r\u00e9szt, de akt\u00edvan szerepet v\u00e1llal a prezent\u00e1ci\u00f3kban \u00e9s a social media fel\u00fcleteink \u00fczemel\u00e9s\u00e9ben is. Az FGM elleni cselekv\u00e9st a n\u0151i jogok \u00e9s az emberiess\u00e9g v\u00e9delm\u00e9ben alapvet\u0151nek tartja. FGM Zero Tolerancia projekt\u00fcnk sor\u00e1n t\u00f6bbsz\u00f6r tartott szakmai prezent\u00e1ci\u00f3t. <span style=\"font-size: 16px;\">&#8222;Sokat tanultam Malir\u00f3l \u00e9s Ruand\u00e1r\u00f3l, de m\u00e9g t\u00f6bbet az emberi kapcsolatokr\u00f3l \u00e9s <\/span><span style=\"font-size: 16px;\">nem t\u00falz\u00f3an az \u00e9letr\u0151l. Meger\u0151s\u00edtette bennem a k\u00f6lcs\u00f6n\u00f6s nyitotts\u00e1g, a bizalom, <\/span><span style=\"font-size: 16px;\">az organikus fejl\u0151d\u00e9s t\u00e1rsadalmi \u00e9rt\u00e9keit, \u00e9s r\u00e1mutatott arra, hogy a civil szerepv\u00e1llal\u00e1s <\/span><span style=\"font-size: 16px;\">igenis jelent\u0151s k\u00e9pess\u00e9g. A <\/span><span style=\"font-size: 16px;\">humanit\u00e1rius egy\u00fcttm\u0171k\u00f6d\u00e9sen t\u00fal Afrika t\u00f6rt\u00e9nelmi, (geo)politikai, f\u00f6ldrajzi k\u00e9pe foglalkoztat szeretn\u00e9m Afrika fel\u00e9 orient\u00e1lni, hogy a j\u00f6v\u0151ben m\u00e9lyebb kapcsolatba ker\u00fcljek a f\u00f6ldr\u00e9sszel, \u00e9s hozz\u00e1j\u00e1ruljak megismertet\u00e9s\u00e9hez az el\u0151\u00edt\u00e9letek <\/span>lebont\u00e1sa mellett.<\/div>\n<\/div>\n<p>[\/et_pb_blurb][\/et_pb_column][\/et_pb_row][et_pb_row _builder_version=&#8221;4.17.4&#8243; _module_preset=&#8221;default&#8221; locked=&#8221;off&#8221; global_colors_info=&#8221;{}&#8221;][et_pb_column type=&#8221;4_4&#8243; _builder_version=&#8221;4.16&#8243; _module_preset=&#8221;default&#8221; global_colors_info=&#8221;{}&#8221;][et_pb_blurb title=&#8221;Horv\u00e1th Edit&#8221; image_icon_background_color=&#8221;#FFFFFF&#8221; image=&#8221;https:\/\/kozelafrikahoz.hu\/wp-content\/uploads\/2023\/10\/EDit.jpg&#8221; icon_placement=&#8221;left&#8221; image_icon_width=&#8221;200px&#8221; content_max_width=&#8221;900px&#8221; icon_placement_tablet=&#8221;left&#8221; icon_placement_phone=&#8221;top&#8221; icon_placement_last_edited=&#8221;on|desktop&#8221; image_icon_width_tablet=&#8221;200px&#8221; image_icon_width_phone=&#8221;100%&#8221; image_icon_width_last_edited=&#8221;on|phone&#8221; _builder_version=&#8221;4.21.0&#8243; _module_preset=&#8221;default&#8221; body_font_size=&#8221;16px&#8221; image_icon_custom_margin=&#8221;|20px|||false|false&#8221; module_alignment=&#8221;center&#8221; border_color_all_image=&#8221;RGBA(255,255,255,0)&#8221; global_colors_info=&#8221;{}&#8221; image_icon_background_color__hover_enabled=&#8221;on|desktop&#8221; image_icon_background_color__hover=&#8221;#FFFFFF&#8221;]<\/p>\n<div class=\"x11i5rnm xat24cr x1mh8g0r x1vvkbs xtlvy1s x126k92a\"><\/div>\n<div class=\"x11i5rnm xat24cr x1mh8g0r x1vvkbs xtlvy1s x126k92a\">\n<div dir=\"auto\">\u00f6nk\u00e9ntes<\/div>\n<div dir=\"auto\"><\/div>\n<div dir=\"auto\"><span>Kb. 4 \u00e9ve ker\u00fcltem kapcsolatba az alap\u00edtv\u00e1nnyal. Fiam oszt\u00e1lyf\u0151n\u00f6ke dolgozott az alap\u00edtv\u00e1nnyal. Bamak\u00f3b\u00f3l posztolt, le\u00edrta, hogyan lehet egy-egy di\u00e1k iskol\u00e1ba j\u00e1r\u00e1s\u00e1t t\u00e1mogatni. 3 \u00e9vig Issa Nantoum\u00e9-t t\u00e1mogattam. Ut\u00e1na \u00f6nk\u00e9nteskedni kezdtem. Standolok, zen\u00e9ket v\u00e1logatok, amiket facebookon meg is osztok minden h\u00e9ten a k\u00f6z\u00f6ss\u00e9g\u00fcnkkel.Igyekszem r\u00e9szt venni a p\u00e1ly\u00e1zat\u00edr\u00e1sokban is.\u00a0<\/span><\/div>\n<div dir=\"auto\"><\/div>\n<div dir=\"auto\"><\/div>\n<div dir=\"auto\"><\/div>\n<div dir=\"auto\"><\/div>\n<div dir=\"auto\"><\/div>\n<div dir=\"auto\"><\/div>\n<div dir=\"auto\"><\/div>\n<div dir=\"auto\"><\/div>\n<div dir=\"auto\"><\/div>\n<div dir=\"auto\"><\/div>\n<div dir=\"auto\"><\/div>\n<\/div>\n<div class=\"x11i5rnm xat24cr x1mh8g0r x1vvkbs xtlvy1s x126k92a\">\n<div dir=\"auto\"><\/div>\n<div dir=\"auto\"><\/div>\n<\/div>\n<p>[\/et_pb_blurb][\/et_pb_column][\/et_pb_row][et_pb_row _builder_version=&#8221;4.17.4&#8243; _module_preset=&#8221;default&#8221; locked=&#8221;off&#8221; global_colors_info=&#8221;{}&#8221;][et_pb_column type=&#8221;4_4&#8243; _builder_version=&#8221;4.16&#8243; _module_preset=&#8221;default&#8221; global_colors_info=&#8221;{}&#8221;][et_pb_blurb title=&#8221;Ribarics P\u00e1l&#8221; image_icon_background_color=&#8221;#FFFFFF&#8221; image=&#8221;https:\/\/kozelafrikahoz.hu\/wp-content\/uploads\/2023\/06\/pali.jpg&#8221; icon_placement=&#8221;left&#8221; image_icon_width=&#8221;200px&#8221; content_max_width=&#8221;900px&#8221; icon_placement_tablet=&#8221;left&#8221; icon_placement_phone=&#8221;top&#8221; icon_placement_last_edited=&#8221;on|desktop&#8221; image_icon_width_tablet=&#8221;200px&#8221; image_icon_width_phone=&#8221;100%&#8221; image_icon_width_last_edited=&#8221;on|phone&#8221; _builder_version=&#8221;4.21.0&#8243; _module_preset=&#8221;default&#8221; body_font_size=&#8221;16px&#8221; image_icon_custom_margin=&#8221;|20px|||false|false&#8221; module_alignment=&#8221;center&#8221; border_color_all_image=&#8221;RGBA(255,255,255,0)&#8221; global_colors_info=&#8221;{}&#8221; image_icon_background_color__hover_enabled=&#8221;on|desktop&#8221; image_icon_background_color__hover=&#8221;#FFFFFF&#8221;]<\/p>\n<p>mentor, \u00f6nk\u00e9ntes<\/p>\n<div class=\"x11i5rnm xat24cr x1mh8g0r x1vvkbs xtlvy1s x126k92a\">\n<div dir=\"auto\">\u00a0A j\u00f6v\u0151t a tanult fiatalokban l\u00e1tja, emiatt tehets\u00e9ggondoz\u00e1ssal foglalkozik. Napi kapcsolatban \u00e1ll mentor\u00e1ltj\u00e1val, akit 2023-ban sikeresen felvettek a Kigali Egyetem, V\u00edz\u00fcgyi Menedzser szak\u00e1ra.<\/div>\n<div dir=\"auto\">Legut\u00f3bbi ruandai misszi\u00f3n Pali is r\u00e9szt vett, ahol \u00edgy mes\u00e9lt \u00e9lm\u00e9nyeir\u0151l:<\/div>\n<\/div>\n<div class=\"x11i5rnm xat24cr x1mh8g0r x1vvkbs xtlvy1s x126k92a\">\n<div dir=\"auto\">&#8221; <span><a tabindex=\"-1\"><\/a><\/span>Afrika a gyerekek kontinense. P\u00f6tt\u00f6mnyi l\u00e1bak szaladnak melletted m\u00e1r alig l\u00e9tez\u0151 l\u00e1bbelikben, k\u00edv\u00e1ncsi gyerek tekintetek k\u00f6vetik az umuzungu-t, a feh\u00e9r turist\u00e1t. Ruand\u00e1ban ezeknek a gyerekeknek egyetlen \u00e1lma van az hogy tanulhassanak. Ez\u00e9rt nagyon sok mindenre hajland\u00f3k. Tegnap megl\u00e1togattunk egy csal\u00e1dot ahol a gyerekek napi t\u00f6bb mint k\u00e9t \u00f3r\u00e1t futnak az\u00e9rt hogy be\u00e9rjenek az iskol\u00e1ba. Az iskol\u00e1kban az oktat\u00e1s elm\u00e9letileg ingyenes de a j\u00e1rul\u00e9kos k\u00f6lts\u00e9gek miatt &#8211; mint p\u00e9ld\u00e1ul a tanszerek az egyenruha az iskolai \u00e9tkez\u00e9s &#8211; sokak sz\u00e1m\u00e1ra \u00edgy is el\u00e9rhetetlen. A hi\u00e1nyz\u00f3 p\u00e9nz\u00f6sszeg pedig nagyon kev\u00e9s, egy budapesti k\u00e1v\u00e9z\u00f3 kiad\u00f3sabb (latte, k\u00e9t s\u00fcti) megl\u00e1togat\u00e1sakor kifizetettel azonos.<\/div>\n<div dir=\"auto\">Az Alap\u00edtv\u00e1ny amellyel mentork\u00e9nt Ruand\u00e1ban vagyok most von be \u00fajabb gyerekeket az iskol\u00e1ztat\u00e1si programj\u00e1ba. \u00c9rdemes elgondolkozni \u00a0a t\u00e1mogat\u00e1sukr\u00f3l, most hogy valamennyit l\u00e1ttam az orsz\u00e1gb\u00f3l semmit nem tudn\u00e9k melegebben javasolni. Az orsz\u00e1g egy\u00e9bk\u00e9nt csod\u00e1latosan sz\u00e9p, nem t\u00fal messze az Egyenl\u00edt\u0151t\u0151l de el\u00e9g magasan &#8211; egy z\u00f6ld botanikus kert. A csillog\u00f3 gyerek tekintetek pedig a szemem l\u00e1tt\u00e1ra t\u00f6ltik fel energi\u00e1val az \u00fati t\u00e1rsaimat. &#8222;<\/div>\n<\/div>\n<p>&nbsp;<\/p>\n<p>[\/et_pb_blurb][\/et_pb_column][\/et_pb_row][et_pb_row _builder_version=&#8221;4.17.4&#8243; _module_preset=&#8221;default&#8221; locked=&#8221;off&#8221; global_colors_info=&#8221;{}&#8221;][et_pb_column type=&#8221;4_4&#8243; _builder_version=&#8221;4.16&#8243; _module_preset=&#8221;default&#8221; global_colors_info=&#8221;{}&#8221;][et_pb_blurb title=&#8221;S\u00e1rk\u00f6zi Katalin&#8221; image_icon_background_color=&#8221;#FFFFFF&#8221; image=&#8221;https:\/\/kozelafrikahoz.hu\/wp-content\/uploads\/2023\/06\/kep_2023-06-23_170233744.png&#8221; icon_placement=&#8221;left&#8221; image_icon_width=&#8221;200px&#8221; content_max_width=&#8221;900px&#8221; icon_placement_tablet=&#8221;left&#8221; icon_placement_phone=&#8221;top&#8221; icon_placement_last_edited=&#8221;on|desktop&#8221; image_icon_width_tablet=&#8221;200px&#8221; image_icon_width_phone=&#8221;100%&#8221; image_icon_width_last_edited=&#8221;on|phone&#8221; _builder_version=&#8221;4.21.0&#8243; _module_preset=&#8221;default&#8221; body_font_size=&#8221;16px&#8221; image_icon_custom_margin=&#8221;|20px|||false|false&#8221; module_alignment=&#8221;center&#8221; border_color_all_image=&#8221;RGBA(255,255,255,0)&#8221; global_colors_info=&#8221;{}&#8221; image_icon_background_color__hover_enabled=&#8221;on|desktop&#8221; image_icon_background_color__hover=&#8221;#FFFFFF&#8221;]<\/p>\n<p>credit control, \u00f6nk\u00e9ntes<\/p>\n<div class=\"x11i5rnm xat24cr x1mh8g0r x1vvkbs xtlvy1s x126k92a\">\n<div dir=\"auto\"><span>&#8222;\u00d6nk\u00e9ntes feladatokat 2022 \u00e1prilis\u00e1t\u00f3l v\u00e1llalok \u00e9s m\u00e1jusban vettem \u00e1t a credit controll tev\u00e9kenys\u00e9get. Ennek keret\u00e9ben k\u00f6vetem a bankba, di\u00e1kjaink sz\u00e1m\u00e1ra be\u00e9rkez\u0151 \u00f6sszegeket. Ez m\u00e1ra azzal b\u0151v\u00fclt, hogy fizet\u00e9si elmarad\u00e1sokkal kapcsolatban e-maileket \u00edrok a szponzoroknak, jelezve hogy hogyan \u00e1llnak a befizet\u00e9sekkel. Igyekszem k\u00e9zben tartani a befizet\u00e9sek be\u00e9rkez\u00e9s\u00e9t&#8230;&#8221;<\/span><\/div>\n<div dir=\"auto\"><\/div>\n<div dir=\"auto\"><span>Katival gyakran tal\u00e1lkozhattok a rendezv\u00e9nyeinken, hiszen lelkes &#8222;standol\u00f3nk&#8221;, azonban emellett a h\u00e1tt\u00e9rben is hatalmas munk\u00e1t v\u00e9gez. A Gy\u0151ztesek Iskol\u00e1j\u00e1nak t\u00e1mogat\u00f3it \u00e9rtes\u00edti rendszeresen a gyerekek el\u00e9rt eredm\u00e9nyeir\u0151l, kik\u00fcldi a bizony\u00edtv\u00e1nyokat \u00e9s a fot\u00f3kat.<\/span><\/div>\n<\/div>\n<p>[\/et_pb_blurb][\/et_pb_column][\/et_pb_row][et_pb_row _builder_version=&#8221;4.17.4&#8243; _module_preset=&#8221;default&#8221; locked=&#8221;off&#8221; global_colors_info=&#8221;{}&#8221;][et_pb_column type=&#8221;4_4&#8243; _builder_version=&#8221;4.16&#8243; _module_preset=&#8221;default&#8221; global_colors_info=&#8221;{}&#8221;][et_pb_blurb title=&#8221;Bencsics Dorina Lili&#8221; image_icon_background_color=&#8221;#FFFFFF&#8221; image=&#8221;https:\/\/kozelafrikahoz.hu\/wp-content\/uploads\/2023\/06\/IMG40985-scaled-e1687355744895.jpg&#8221; icon_placement=&#8221;left&#8221; image_icon_width=&#8221;200px&#8221; content_max_width=&#8221;900px&#8221; icon_placement_tablet=&#8221;left&#8221; icon_placement_phone=&#8221;top&#8221; icon_placement_last_edited=&#8221;on|desktop&#8221; image_icon_width_tablet=&#8221;200px&#8221; image_icon_width_phone=&#8221;100%&#8221; image_icon_width_last_edited=&#8221;on|phone&#8221; _builder_version=&#8221;4.21.0&#8243; _module_preset=&#8221;default&#8221; body_font_size=&#8221;16px&#8221; image_icon_custom_margin=&#8221;|20px|||false|false&#8221; module_alignment=&#8221;center&#8221; border_color_all_image=&#8221;RGBA(255,255,255,0)&#8221; global_colors_info=&#8221;{}&#8221; image_icon_background_color__hover_enabled=&#8221;on|desktop&#8221; image_icon_background_color__hover=&#8221;#FFFFFF&#8221;]<\/p>\n<div class=\"x11i5rnm xat24cr x1mh8g0r x1vvkbs xtlvy1s x126k92a\">\n<div dir=\"auto\">asszisztens, \u00f6nk\u00e9ntes koordin\u00e1tor<\/div>\n<div dir=\"auto\"><\/div>\n<div dir=\"auto\">2021-ben egy tervez\u00e9si projektet k\u00f6vet\u0151en volt lehet\u0151s\u00e9gem kiutazni Nyugat-Afrik\u00e1ba, Beninbe, ahol non-form\u00e1lis oktat\u00e1si projektben egy h\u00f3napig iskol\u00e1kban tartottunk ismeretterjeszt\u0151 foglalkoz\u00e1sokat a fenntarthat\u00f3s\u00e1g jegy\u00e9ben.\u00a0Afrika szerelem lett. <span class=\"x3nfvp2 x1j61x8r x1fcty0u xdj266r xhhsvwb xat24cr xgzva0m xxymvpz xlup9mm x1kky2od\"><img loading=\"lazy\" decoding=\"async\" height=\"16\" width=\"16\" alt=\"\ud83e\udd0e\" referrerpolicy=\"origin-when-cross-origin\" src=\"https:\/\/static.xx.fbcdn.net\/images\/emoji.php\/v9\/t9f\/1.5\/16\/1f90e.png\" \/><\/span> Fantasztikus \u00e9lm\u00e9nyeket, bar\u00e1tokat szereztem. A b\u0151 1 <span><a tabindex=\"-1\"><\/a><\/span>h\u00f3napos misszi\u00f3 ut\u00e1n a hazat\u00e9r\u00e9st k\u00f6vet\u0151en tal\u00e1ltam r\u00e1 a K\u00f6zel Afrik\u00e1hoz Alap\u00edtv\u00e1nyra, \u00e9s kezdtem el \u00f6nk\u00e9ntesk\u00e9nt becsatlakozni a munk\u00e1jukba.<\/div>\n<\/div>\n<div class=\"x11i5rnm xat24cr x1mh8g0r x1vvkbs xtlvy1s x126k92a\">\n<div dir=\"auto\">Jelenleg, mint munkat\u00e1rs az \u00f6nk\u00e9ntes koordin\u00e1ci\u00f3\u00e9rt felelek, de r\u00e9szt veszek rendezv\u00e9nyek szervez\u00e9s\u00e9ben \u00e9s lebonyol\u00edt\u00e1s\u00e1ban, a social media fel\u00fcleteink tartalm\u00e1nak fejleszt\u00e9s\u00e9ben, kreat\u00edv anyagok k\u00e9sz\u00edt\u00e9s\u00e9ben is.<\/div>\n<div dir=\"auto\">Szeretem azt a nyitott, elfogad\u00f3 \u00e9s b\u00e1tor k\u00f6zeget amit az alap\u00edtv\u00e1nyn\u00e1l \u00e9s az afrikai kult\u00fara ir\u00e1nt \u00e9rdekl\u0151d\u0151k k\u00f6r\u00e9ben tapasztalok itthon!<\/div>\n<\/div>\n<p>[\/et_pb_blurb][\/et_pb_column][\/et_pb_row][et_pb_row _builder_version=&#8221;4.16&#8243; _module_preset=&#8221;default&#8221; locked=&#8221;off&#8221; global_colors_info=&#8221;{}&#8221;][et_pb_column type=&#8221;4_4&#8243; _builder_version=&#8221;4.16&#8243; _module_preset=&#8221;default&#8221; global_colors_info=&#8221;{}&#8221;][et_pb_blurb title=&#8221;Morris Emese&#8221; image=&#8221;https:\/\/kozelafrikahoz.hu\/wp-content\/uploads\/2022\/03\/Mesi-Grils-Connection-Copy.png&#8221; icon_placement=&#8221;left&#8221; image_icon_width=&#8221;200px&#8221; content_max_width=&#8221;900px&#8221; icon_placement_tablet=&#8221;left&#8221; icon_placement_phone=&#8221;top&#8221; icon_placement_last_edited=&#8221;on|phone&#8221; image_icon_width_tablet=&#8221;200px&#8221; image_icon_width_phone=&#8221;100%&#8221; image_icon_width_last_edited=&#8221;on|phone&#8221; _builder_version=&#8221;4.16&#8243; _module_preset=&#8221;default&#8221; body_font_size=&#8221;16px&#8221; image_icon_custom_margin=&#8221;|20px|||false|false&#8221; module_alignment=&#8221;center&#8221; global_colors_info=&#8221;{}&#8221;]<\/p>\n<p>Az amerikai West Nottingham Academy gimn\u00e1zium \u00f6szt\u00f6nd\u00edjas tanul\u00f3ja vagyok. Favor Enoghama nig\u00e9riai sz\u00e1rmaz\u00e1s\u00fa bar\u00e1tn\u0151mmel 2021-ben ind\u00edtottuk \u00fatj\u00e1ra a Girls Connection programot, melynek c\u00e9lja a bamak\u00f3i l\u00e1nyok gimn\u00e1ziumi \u00e9veinek megk\u00f6nny\u00edt\u00e9se. A projekt kidolgoz\u00e1s\u00e1ban egyr\u00e9szt gyerekkori mali \u00e9lm\u00e9nyeim, m\u00e1sr\u00e9szt a n\u0151i jogok ir\u00e1nti \u00e9rdekl\u0151d\u00e9sem \u00f6szt\u00f6nz\u00f6tt. 2022-ben a gimnazista klub mellett elind\u00edtottuk a L\u00e1nyok \u00fcgye c\u00edm\u0171 programunkat, amelyben egy helyi szervezeten kereszt\u00fcl dolgozunk az FGM (n\u0151i nemiszerv-csonk\u00edt\u00e1s) ellen.<\/p>\n<p>[\/et_pb_blurb][\/et_pb_column][\/et_pb_row][et_pb_row _builder_version=&#8221;4.19.1&#8243; _module_preset=&#8221;default&#8221; locked=&#8221;off&#8221; global_colors_info=&#8221;{}&#8221;][et_pb_column type=&#8221;4_4&#8243; _builder_version=&#8221;4.16&#8243; _module_preset=&#8221;default&#8221; global_colors_info=&#8221;{}&#8221;][et_pb_blurb title=&#8221;Bour\u00e9ma Dolo&#8221; image=&#8221;https:\/\/kozelafrikahoz.hu\/wp-content\/uploads\/2022\/03\/Bourema-Copy.png&#8221; icon_placement=&#8221;left&#8221; image_icon_width=&#8221;200px&#8221; content_max_width=&#8221;900px&#8221; icon_placement_tablet=&#8221;left&#8221; icon_placement_phone=&#8221;top&#8221; icon_placement_last_edited=&#8221;on|phone&#8221; image_icon_width_tablet=&#8221;200px&#8221; image_icon_width_phone=&#8221;100%&#8221; image_icon_width_last_edited=&#8221;on|phone&#8221; _builder_version=&#8221;4.19.1&#8243; _module_preset=&#8221;default&#8221; body_font_size=&#8221;16px&#8221; image_icon_custom_margin=&#8221;|20px|||false|false&#8221; module_alignment=&#8221;center&#8221; global_colors_info=&#8221;{}&#8221;]<\/p>\n<p>helyi k\u00e9pvisel\u0151nk<\/p>\n<p>Bour\u00e9ma Dolo vagyok, egy dogon Bamak\u00f3b\u00f3l. Egy kis faluban sz\u00fclettem, messze a v\u00e1rost\u00f3l, a dogon fenns\u00edkon. Az \u00e1ltal\u00e1nos iskola ut\u00e1n a gimn\u00e1ziumot \u00e9s az egyetemet Bamak\u00f3ban v\u00e9geztem. Abban, hogy tanulhattam nagy seg\u00edts\u00e9gemre volt egy francia h\u00e1zasp\u00e1r, akik turistak\u00e9nt j\u00e1rtak a Dogonf\u00f6ld\u00f6n, \u00e9s ahogy n\u00e1lunk szok\u00e1s gyerekk\u00e9nt \u00e9rdekl\u0151dve k\u00f6vettem \u0151ket a falunkban. \u0150k nem csak seg\u00edtettek a tanulm\u00e1nyaimban, de szinte fogadott fi\u00fak lettem. Diplom\u00e1mat F\u00f6ldrajz \u00e9s Fejl\u0151d\u00e9s Szakon szereztem a bamak\u00f3i egyetemen. Hiszem, hogy v\u00e1ltoz\u00e1st csak oktat\u00e1ssal lehet el\u00e9rni. Ez\u00e9rt \u00e9rzem fontosnak, hogy ebben az alap\u00edtv\u00e1nyban r\u00e9szt vegyek.<\/p>\n<p>[\/et_pb_blurb][et_pb_blurb title=&#8221;Ndahimana Apollinaire&#8221; image=&#8221;https:\/\/kozelafrikahoz.hu\/wp-content\/uploads\/2022\/12\/748c743f-f06f-47fa-9c13-75ef835dd2c0_negyzet.png&#8221; icon_placement=&#8221;left&#8221; image_icon_width=&#8221;200px&#8221; content_max_width=&#8221;900px&#8221; icon_placement_tablet=&#8221;left&#8221; icon_placement_phone=&#8221;top&#8221; icon_placement_last_edited=&#8221;on|phone&#8221; image_icon_width_tablet=&#8221;200px&#8221; image_icon_width_phone=&#8221;100%&#8221; image_icon_width_last_edited=&#8221;on|phone&#8221; _builder_version=&#8221;4.19.1&#8243; _module_preset=&#8221;default&#8221; body_font_size=&#8221;16px&#8221; image_icon_custom_margin=&#8221;|20px|||false|false&#8221; module_alignment=&#8221;center&#8221; global_colors_info=&#8221;{}&#8221;]<\/p>\n<p style=\"text-align: left;\">helyi k\u00e9pvisel\u0151nk<\/p>\n<p style=\"text-align: left;\">Ndahimana Apollinaire vagyok, ruandai \u00e1llampolg\u00e1r. Pedag\u00f3gia szakon v\u00e9geztem, jelenleg a Kigali Egyetemen mesterk\u00e9pz\u00e9st tanulok. Az E.S. Nyanza K\u00f6z\u00e9piskola vezet\u0151jek\u00e9nt r\u00e9szt veszek az oktat\u00e1s fejleszt\u00e9s\u00e9ben, tov\u00e1bb\u00e1 igyekszem seg\u00edteni a vesz\u00e9lyeztett gyermekeken, hogy mindenki sz\u00e1m\u00e1ra el\u00e9rhet\u0151 legyen az oktat\u00e1s. Mivel a K\u00f6zel Afrik\u00e1hoz Alap\u00edtv\u00e1ny szint\u00e9n \u00e9rdekelt a szeg\u00e9ny csal\u00e1dokb\u00f3l sz\u00e1rmaz\u00f3 gyermekek t\u00e1mogat\u00e1s\u00e1ban, ez\u00e9rt tartom fontosnak, hogy r\u00e9szt vegyek az alap\u00edtv\u00e1ny munk\u00e1j\u00e1ban.<\/p>\n<p>[\/et_pb_blurb][\/et_pb_column][\/et_pb_row][et_pb_row _builder_version=&#8221;4.19.1&#8243; _module_preset=&#8221;default&#8221; locked=&#8221;off&#8221; global_colors_info=&#8221;{}&#8221;][et_pb_column type=&#8221;4_4&#8243; _builder_version=&#8221;4.16&#8243; _module_preset=&#8221;default&#8221; global_colors_info=&#8221;{}&#8221;][et_pb_blurb title=&#8221;Anatole Nsengimana&#8221; image=&#8221;https:\/\/kozelafrikahoz.hu\/wp-content\/uploads\/2022\/12\/thumbnail.jpeg&#8221; icon_placement=&#8221;left&#8221; image_icon_width=&#8221;200px&#8221; content_max_width=&#8221;900px&#8221; icon_placement_tablet=&#8221;left&#8221; icon_placement_phone=&#8221;top&#8221; icon_placement_last_edited=&#8221;on|phone&#8221; image_icon_width_tablet=&#8221;200px&#8221; image_icon_width_phone=&#8221;100%&#8221; image_icon_width_last_edited=&#8221;on|phone&#8221; _builder_version=&#8221;4.19.4&#8243; _module_preset=&#8221;default&#8221; body_font_size=&#8221;16px&#8221; image_icon_custom_margin=&#8221;|20px|||false|false&#8221; module_alignment=&#8221;center&#8221; global_colors_info=&#8221;{}&#8221;]<\/p>\n<p>helyi k\u00e9pvisel\u0151nk<o:p><\/o:p><\/p>\n<p><span class=\"normaltextrun\">Anatole Nsengimana vagyok, ruandai, m\u00e9lyen kereszt\u00e9ny h\u00edv\u0151. T\u00f6rt\u00e9nelmet \u00e9s f\u00f6ldrajzot tan\u00edtok 2019 \u00f3ta a <\/span><span class=\"spellingerror\">Kamana<\/span><span class=\"normaltextrun\"> Iskol\u00e1ban. Vid\u00e9ken n\u0151ttem fel szeg\u00e9ny k\u00f6r\u00fclm\u00e9nyek k\u00f6z\u00f6tt. A ruandai korm\u00e1ny t\u00e1mogat\u00e1si rendszer\u00e9nek k\u00f6sz\u00f6nhet\u0151en az egyetemen pedag\u00f3gia szakon v\u00e9geztem. Miut\u00e1n tan\u00e1rk\u00e9nt elkezdtem dolgozni, megd\u00f6bbenve tapasztaltam, hogy nagyon sok szeg\u00e9ny csal\u00e1db\u00f3l sz\u00e1rmaz\u00f3 gyermek volt k\u00e9nytelen f\u00e9lbeszak\u00edtani a tanul\u00e1s\u00e1t. Mindez arra \u00f6szt\u00f6nz\u00f6tt, tank\u00f6nyvekkel \u00e9s iskolafelszerel\u00e9si eszk\u00f6z\u00f6kkel kiseg\u00edtsem ezeket a r\u00e1szorul\u00f3 gyermekeket. Sz\u00edvb\u0151l \u00f6r\u00fcl\u00f6k, hogy tal\u00e1lkoztam a K\u00f6zel Afrik\u00e1hoz Alap\u00edtv\u00e1nnyal, akik a szeg\u00e9ny gyermekeket juttatj\u00e1k vissza az iskolapadba. Emiatt sem volt k\u00e9rd\u00e9s, hogy \u00f6nk\u00e9ntesk\u00e9nt csatlakozzak az alap\u00edtv\u00e1nyhoz.<\/span><o:p><\/o:p><\/p>\n<p>[\/et_pb_blurb][\/et_pb_column][\/et_pb_row][et_pb_row _builder_version=&#8221;4.19.1&#8243; _module_preset=&#8221;default&#8221; locked=&#8221;off&#8221; global_colors_info=&#8221;{}&#8221;][et_pb_column type=&#8221;4_4&#8243; _builder_version=&#8221;4.16&#8243; _module_preset=&#8221;default&#8221; global_colors_info=&#8221;{}&#8221;][et_pb_blurb title=&#8221;D\u00e9sire Ndikumana&#8221; image=&#8221;https:\/\/kozelafrikahoz.hu\/wp-content\/uploads\/2023\/01\/DSCN7313.jpg&#8221; icon_placement=&#8221;left&#8221; image_icon_width=&#8221;200px&#8221; content_max_width=&#8221;900px&#8221; icon_placement_tablet=&#8221;left&#8221; icon_placement_phone=&#8221;top&#8221; icon_placement_last_edited=&#8221;on|phone&#8221; image_icon_width_tablet=&#8221;200px&#8221; image_icon_width_phone=&#8221;100%&#8221; image_icon_width_last_edited=&#8221;on|phone&#8221; _builder_version=&#8221;4.19.1&#8243; _module_preset=&#8221;default&#8221; body_font_size=&#8221;16px&#8221; image_icon_custom_margin=&#8221;|20px|||false|false&#8221; module_alignment=&#8221;center&#8221; global_colors_info=&#8221;{}&#8221;]<\/p>\n<p style=\"text-align: left;\">helyi k\u00e9pvisel\u0151nk<\/p>\n<p><span data-contrast=\"none\">Ruanda d\u00e9li r\u00e9sz\u00e9n egy nagyon szeg\u00e9nyes hegyi falub\u00f3l sz\u00e1rmazik, ott j\u00e1rt iskol\u00e1ba a dombok k\u00f6z\u00f6tt. Sz\u00e1llodamenedzsment \u00e9s k\u00fcl\u00f6nf\u00e9le vend\u00e9gl\u00e1t\u00f3 k\u00e9pz\u00e9sek ut\u00e1n Kigaliba k\u00f6lt\u00f6z\u00f6tt, hogy munk\u00e1t keressen a csal\u00e1dja eltart\u00e1sa c\u00e9lj\u00e1b\u00f3l. Nemsokkal azut\u00e1n miut\u00e1n elkezdett dolgozni, megl\u00e1tott egy gyermeket t\u00f6r\u00f6tt cip\u0151vel, amely annyira meg\u00e9rintette, hogy az\u00f3ta \u00fagy \u00e9rzi seg\u00edtenie kell szeg\u00e9ny gyerekeknek is.<\/span><span data-ccp-props=\"{&quot;201341983&quot;:0,&quot;335559739&quot;:0,&quot;335559740&quot;:240}\">\u00a0<\/span><span><\/span><span data-contrast=\"none\">Ez\u00e9rt erre a c\u00e9lre l\u00e9trehoztak egy alap\u00edtv\u00e1nyt a bar\u00e1taival. Mostanra k\u00f6r\u00fclbel\u00fcl 200 t\u00e1mogat\u00f3juk seg\u00edts\u00e9g\u00e9vel gy\u0171jtik \u00f6ssze az adom\u00e1nyokat, melyek a k\u00f6vetkez\u0151 eszk\u00f6z\u00f6kb\u0151l tev\u0151dnek \u00f6ssze: cip\u0151k, f\u00fczetek, ceruz\u00e1k, iskolai egyenruh\u00e1k, test\u00e1pol\u00f3k \u00e9s szappanok. D\u00e9sire jelenleg eg hostelben dolgozik Kigaliban. <\/span><span><\/span><span data-contrast=\"none\">Nagyon b\u00fcszk\u00e9k vagyunk arra, hogy D\u00e9sire-vel b\u0151v\u00fclt \u00f6nk\u00e9nteseink k\u00f6re, \u00f6r\u00fcl\u00fcnk hogy megismert\u00fck \u0151t szem\u00e9lyesen is. B\u00edzunk a hossz\u00fat\u00e1v\u00fa eredm\u00e9nyes egy\u00fcttm\u0171k\u00f6d\u00e9sben.<\/span><\/p>\n<p>[\/et_pb_blurb][\/et_pb_column][\/et_pb_row][\/et_pb_section]<\/p>\n","protected":false},"excerpt":{"rendered":"<p>Kik vagyunk?Alap\u00edtv\u00e1nyunkat olyan sikeres mag\u00e1nemberek hozt\u00e1k l\u00e9tre \u00e9s m\u0171k\u00f6dtetik, akik elk\u00f6telezettek abban, hogy valamit visszaadjanak a vil\u00e1gnak abb\u00f3l, amit kaptak.Saj\u00e1t szakmai karrierj\u00fck mellett mindannyian k\u00f6t\u0151dnek valamilyen m\u00f3don az afrikai kontinenshez, szem\u00e9lyes \u00e9rintetts\u00e9g\u00fck az alap\u00edtv\u00e1ny tev\u00e9kenys\u00e9g\u00e9ben val\u00f3 r\u00e9szv\u00e9tel\u00fckben meghat\u00e1roz\u00f3.Az alap\u00edtv\u00e1ny munk\u00e1j\u00e1t lelkes \u2013 fiatal \u00e9s m\u00e1r nem annyira fiatal \u2013 \u00f6nk\u00e9ntesek csapata seg\u00edti, akik n\u00e9lk\u00fcl nem [&hellip;]<\/p>\n","protected":false},"author":1,"featured_media":0,"parent":0,"menu_order":0,"comment_status":"closed","ping_status":"open","template":"","meta":{"_et_pb_use_builder":"on","_et_pb_old_content":"<!-- wp:divi\/placeholder \/-->","_et_gb_content_width":"","footnotes":""},"class_list":["post-19","page","type-page","status-publish","hentry"],"_links":{"self":[{"href":"https:\/\/kozelafrikahoz.hu\/en\/wp-json\/wp\/v2\/pages\/19","targetHints":{"allow":["GET"]}}],"collection":[{"href":"https:\/\/kozelafrikahoz.hu\/en\/wp-json\/wp\/v2\/pages"}],"about":[{"href":"https:\/\/kozelafrikahoz.hu\/en\/wp-json\/wp\/v2\/types\/page"}],"author":[{"embeddable":true,"href":"https:\/\/kozelafrikahoz.hu\/en\/wp-json\/wp\/v2\/users\/1"}],"replies":[{"embeddable":true,"href":"https:\/\/kozelafrikahoz.hu\/en\/wp-json\/wp\/v2\/comments?post=19"}],"version-history":[{"count":75,"href":"https:\/\/kozelafrikahoz.hu\/en\/wp-json\/wp\/v2\/pages\/19\/revisions"}],"predecessor-version":[{"id":3731,"href":"https:\/\/kozelafrikahoz.hu\/en\/wp-json\/wp\/v2\/pages\/19\/revisions\/3731"}],"wp:attachment":[{"href":"https:\/\/kozelafrikahoz.hu\/en\/wp-json\/wp\/v2\/media?parent=19"}],"curies":[{"name":"wp","href":"https:\/\/api.w.org\/{rel}","templated":true}]}}